{"id":40,"date":"2021-09-22T17:45:53","date_gmt":"2021-09-22T15:45:53","guid":{"rendered":"http:\/\/lebulbeaplumes.art\/?page_id=40"},"modified":"2026-04-24T22:20:52","modified_gmt":"2026-04-24T20:20:52","slug":"agenda","status":"publish","type":"page","link":"https:\/\/lebulbeaplumes.art\/index.php\/agenda\/","title":{"rendered":"Agenda"},"content":{"rendered":"\n<p>Voici un agenda non-exhaustif de mes activit\u00e9s<br><em>(l\u00e9gende : <strong><mark style=\"background-color:rgba(0, 0, 0, 0);color:#a568e2\" class=\"has-inline-color\">exposition<\/mark><\/strong>, <strong><mark style=\"background-color:rgba(0, 0, 0, 0);color:#e051d0\" class=\"has-inline-color\">illustration<\/mark><\/strong>, <strong><mark style=\"background-color:rgba(0, 0, 0, 0);color:#f29898\" class=\"has-inline-color\">spectacle live<\/mark><\/strong>, <strong><mark style=\"background-color:rgba(0, 0, 0, 0);color:#70a4ff\" class=\"has-inline-color\">enregistrement<\/mark><\/strong>, <strong><mark style=\"background-color:rgba(0, 0, 0, 0)\" class=\"has-inline-color has-pale-cyan-blue-color\">graphisme<\/mark><\/strong>, <strong><mark style=\"background-color:rgba(0, 0, 0, 0)\" class=\"has-inline-color has-light-green-cyan-color\">atelier\/stage<\/mark><\/strong>, <strong>boutique<\/strong>)<\/em><\/p>\n\n\n\n<p>Pour \u00eatre tenu.e au courant de mes activit\u00e9s, vous pouvez \u00e9galement vous <a href=\"http:\/\/eepurl.com\/jiPxoA\" data-type=\"link\" data-id=\"http:\/\/eepurl.com\/jiPxoA\" target=\"_blank\" rel=\"noreferrer noopener\">abonner \u00e0 ma newsletter<\/a>, dans laquelle vous trouverez aussi d&rsquo;autres informations et partages !<\/p>\n\n\n\n<h2 class=\"wp-block-heading\">2026<\/h2>\n\n\n\n<h4 class=\"wp-block-heading\"><em>Ao\u00fbt<\/em><\/h4>\n\n\n\n<ul class=\"wp-block-list\">\n<li>8 ao\u00fbt \u00e0 15h, <strong><mark style=\"background-color:rgba(0, 0, 0, 0);color:#f29898\" class=\"has-inline-color\">\u00c9tincelle<\/mark><\/strong> (<em>conte<\/em>), accompagn\u00e9e au violon par Laurent Cinus  \u2013 <strong><mark style=\"background-color:rgba(0, 0, 0, 0);color:#997788\" class=\"has-inline-color\">La Grange Galerie, Ferme de la Faye<\/mark><\/strong> \u2013 8 La Faye \u2013 Vertolaye (63480) \/ En partenariat avec Ambert Livradois Forez, dans le cadre des Journ\u00e9es du Petit Patrimoine de Pays<\/li>\n\n\n\n<li>2 ao\u00fbt \u00e0 partir de 16h, <strong><mark style=\"background-color:rgba(0, 0, 0, 0);color:#a568e2\" class=\"has-inline-color\">Vernissage de l&rsquo;exposition \u00ab\u00a0<strong><mark style=\"background-color:rgba(0, 0, 0, 0);color:#a568e2\" class=\"has-inline-color\">Regards sur l&rsquo;invisible\u00a0\u00bb<\/mark><\/strong><\/mark><\/strong> <em>(exposition)<\/em> <strong><mark style=\"background-color:rgba(0, 0, 0, 0);color:#997788\" class=\"has-inline-color\">La Grange Galerie, Ferme de la Faye<\/mark><\/strong> \u2013 8 La Faye \u2013 Vertolaye (63480)<\/li>\n\n\n\n<li>du 2 ao\u00fbt au 15 septembre, <strong><mark style=\"background-color:rgba(0, 0, 0, 0);color:#a568e2\" class=\"has-inline-color\">Exposition \u00ab\u00a0<strong><mark style=\"background-color:rgba(0, 0, 0, 0);color:#a568e2\" class=\"has-inline-color\">Regards sur l&rsquo;invisible\u00a0\u00bb<\/mark><\/strong><\/mark><\/strong> <em>(exposition)<\/em>, mercredis et samedis de 14h \u00e0 19h, vendredis de 18h \u00e0 21h + sur RDV avec l&rsquo;artiste \u2013 <strong><mark style=\"background-color:rgba(0, 0, 0, 0);color:#997788\" class=\"has-inline-color\">La Grange Galerie, Ferme de la Faye<\/mark><\/strong> \u2013 8 La Faye \u2013 Vertolaye (63480) \/ En partenariat avec Ambert Livradois Forez, dans le cadre des Journ\u00e9es du Petit Patrimoine de Pays<\/li>\n<\/ul>\n\n\n\n<h4 class=\"wp-block-heading\"><em>Juillet<\/em><\/h4>\n\n\n\n<ul class=\"wp-block-list\">\n<li>5 juillet, de 15h \u00e0 17h, <strong><mark style=\"background-color:rgba(0, 0, 0, 0);color:#f29898\" class=\"has-inline-color\">\u00c9tincelle &#8211;<em> Histoire cont\u00e9e au jardin et d\u00e9couverte&nbsp;du moulin du PRAT<\/em><\/mark><\/strong> (<em>conte<\/em>), accompagn\u00e9e au violon par Laurent Cinus  \u2013  <strong><mark style=\"background-color:rgba(0, 0, 0, 0);color:#997788\" class=\"has-inline-color\">Moulin du Prat<\/mark><\/strong> \u2013 43 Chemin de la Boule  \u2013 La Forie (63600) \/ En partenariat avec Ambert Livradois Forez, dans le cadre des Journ\u00e9es du Petit Patrimoine de Pays<\/li>\n\n\n\n<li>2 juillet de 10h \u00e0 19h, <strong>Permanence aux Adroits<\/strong> <em>(boutique)<\/em> <strong><strong><mark style=\"background-color:rgba(0, 0, 0, 0);color:#997788\" class=\"has-inline-color\">Les Adroits<\/mark><\/strong><\/strong> \u2013 21 bis place St Jean \u2013 Ambert (63600)<\/li>\n<\/ul>\n\n\n\n<h4 class=\"wp-block-heading\"><em>Juin<\/em><\/h4>\n\n\n\n<ul class=\"wp-block-list\">\n<li>19 juin de 10h \u00e0 19h, <strong>Permanence aux Adroits<\/strong> <em>(boutique)<\/em> <strong><strong><mark style=\"background-color:rgba(0, 0, 0, 0);color:#997788\" class=\"has-inline-color\">Les Adroits<\/mark><\/strong><\/strong> \u2013 21 bis place St Jean \u2013 Ambert (63600)<\/li>\n\n\n\n<li>11, 12 &amp; 13 juin, <strong><mark style=\"background-color:rgba(0, 0, 0, 0);color:#a568e2\" class=\"has-inline-color\">Exposition-vente Artistes et Artisans du Livradois-Forez<\/mark><\/strong> <em>(march\u00e9 d&rsquo;Art)<\/em> <strong><mark style=\"background-color:rgba(0, 0, 0, 0);color:#997788\" class=\"has-inline-color\">Mairie ronde d&rsquo;Ambert<\/mark><\/strong>, salle d&rsquo;exposition au rez-de-chauss\u00e9e \u2013 Ambert (63600)<\/li>\n\n\n\n<li>6 et 7 juin, <strong><mark style=\"background-color:rgba(0, 0, 0, 0);color:#a568e2\" class=\"has-inline-color\">Les Vitrines qui Parlent<\/mark><\/strong> <strong><mark style=\"background-color:rgba(0, 0, 0, 0);color:#a568e2\" class=\"has-inline-color\">&#8211; Exposition \u00ab\u00a0En Corps\u00a0\u00bb<\/mark><\/strong> <em>(exposition-vente\/d\u00e9monstration)<\/em> <strong><mark style=\"background-color:rgba(0, 0, 0, 0);color:#997788\" class=\"has-inline-color\">Grande Rue<\/mark><\/strong> \u2013 Arlanc (63220)<\/li>\n<\/ul>\n\n\n\n<h4 class=\"wp-block-heading\"><em>Mai<\/em><\/h4>\n\n\n\n<ul class=\"wp-block-list\">\n<li>30 mai de 13h \u00e0 18h, <strong><mark style=\"background-color:rgba(0, 0, 0, 0);color:#a568e2\" class=\"has-inline-color\">F\u00eate du Livre Jeunesse et du Jeu<\/mark><\/strong> <em>(exposition-vente)<\/em> <strong><mark style=\"background-color:rgba(0, 0, 0, 0);color:#997788\" class=\"has-inline-color\">Le Bourg<\/mark><\/strong> \u2013 Condat-l\u00e8s-Montboissier (63490)<\/li>\n\n\n\n<li>19 mai de 10h \u00e0 19h, <strong>Permanence aux Adroits<\/strong> <em>(boutique)<\/em> <strong><strong><mark style=\"background-color:rgba(0, 0, 0, 0);color:#997788\" class=\"has-inline-color\">Les Adroits<\/mark><\/strong><\/strong> \u2013 21 bis place St Jean \u2013 Ambert (63600)<\/li>\n\n\n\n<li>16 et 17 mai de 10h \u00e0 18h, <strong><mark style=\"background-color:rgba(0, 0, 0, 0);color:#a568e2\" class=\"has-inline-color\">Journ\u00e9es d&rsquo;ouverture du Jardin pour la Terre<\/mark><\/strong> <em>(exposition-vente\/d\u00e9monstration)<\/em> <strong><mark style=\"background-color:rgba(0, 0, 0, 0);color:#997788\" class=\"has-inline-color\">Le Jardin pour la Terre<\/mark><\/strong> \u2013 Arlanc (63220)<\/li>\n<\/ul>\n\n\n\n<h4 class=\"wp-block-heading\"><em>Avril<\/em><\/h4>\n\n\n\n<ul class=\"wp-block-list\">\n<li>jusqu&rsquo;au 27 avril, <strong><mark style=\"background-color:rgba(0, 0, 0, 0);color:#a568e2\" class=\"has-inline-color\">Exposition \u00ab\u00a0<strong><mark style=\"background-color:rgba(0, 0, 0, 0);color:#a568e2\" class=\"has-inline-color\">Regards sur l&rsquo;invisible\u00a0\u00bb<\/mark><\/strong><\/mark><\/strong> <em>(exposition)<\/em> <strong><mark style=\"background-color:rgba(0, 0, 0, 0);color:#997788\" class=\"has-inline-color\">Le Ch&rsquo;ti P\u00e8re<\/mark><\/strong> \u2013 37 avenue Mar\u00e9chal Foch \u2013 Ambert (63600)<\/li>\n\n\n\n<li>du 2 avril au 27 septembre, <strong>Originaux et reproductions<\/strong> disponibles <em>(boutique)<\/em> <strong><strong><mark style=\"background-color:rgba(0, 0, 0, 0);color:#997788\" class=\"has-inline-color\">Les Adroits<\/mark><\/strong><\/strong> \u2013 21 bis place St Jean \u2013 Ambert (63600)<\/li>\n<\/ul>\n\n\n\n<h4 class=\"wp-block-heading\"><em><strong>Mars<\/strong><\/em><\/h4>\n\n\n\n<ul class=\"wp-block-list\">\n<li>24 mars \u00e0 18h, <strong><mark style=\"background-color:rgba(0, 0, 0, 0);color:#a568e2\" class=\"has-inline-color\">Vernissage de l&rsquo;exposition \u00ab\u00a0<strong><mark style=\"background-color:rgba(0, 0, 0, 0);color:#a568e2\" class=\"has-inline-color\">Regards sur l&rsquo;invisible\u00a0\u00bb<\/mark><\/strong><\/mark><\/strong> <em>(exposition)<\/em> <strong><strong><mark style=\"background-color:rgba(0, 0, 0, 0);color:#664455\" class=\"has-inline-color\"><strong><mark style=\"background-color:rgba(0, 0, 0, 0);color:#997788\" class=\"has-inline-color\">Le Ch&rsquo;ti P\u00e8re<\/mark><\/strong><\/mark><\/strong><\/strong> \u2013 Ambert (63600)<\/li>\n\n\n\n<li>21 mars, de 14h \u00e0 16h, <strong><span class=\"has-inline-color has-light-green-cyan-color\">Atelier d&rsquo;\u00e9criture cr\u00e9ative<\/span><\/strong> <em>(atelier)<\/em> <strong><mark style=\"background-color:rgba(0, 0, 0, 0);color:#664455\" class=\"has-inline-color\"><strong><strong><mark style=\"background-color:rgba(0, 0, 0, 0);color:#997788\" class=\"has-inline-color\">Les Adroits<\/mark><\/strong><\/strong><\/mark><\/strong> \u2013 21 bis place St Jean \u2013 Ambert (63600)<\/li>\n\n\n\n<li>18 mars, de 14h \u00e0 17h, <strong><span class=\"has-inline-color has-light-green-cyan-color\">Atelier illustration<\/span><\/strong> <em>(atelier)<\/em> <strong><strong><mark style=\"background-color:rgba(0, 0, 0, 0);color:#664455\" class=\"has-inline-color\"><strong><strong><mark style=\"background-color:rgba(0, 0, 0, 0);color:#997788\" class=\"has-inline-color\">Les Adroits<\/mark><\/strong><\/strong><\/mark><\/strong><\/strong> \u2013 21 bis place St Jean \u2013 Ambert (63600)<\/li>\n\n\n\n<li>du 17 mars au 27 avril, <strong><mark style=\"background-color:rgba(0, 0, 0, 0);color:#a568e2\" class=\"has-inline-color\">Exposition \u00ab\u00a0<strong><mark style=\"background-color:rgba(0, 0, 0, 0);color:#a568e2\" class=\"has-inline-color\">Regards sur l&rsquo;invisible\u00a0\u00bb<\/mark><\/strong><\/mark><\/strong> <em>(exposition)<\/em> <strong><strong><mark style=\"background-color:rgba(0, 0, 0, 0);color:#664455\" class=\"has-inline-color\"><strong><mark style=\"background-color:rgba(0, 0, 0, 0);color:#997788\" class=\"has-inline-color\">Le Ch&rsquo;ti P\u00e8re<\/mark><\/strong><\/mark><\/strong><\/strong> \u2013 37 avenue Mar\u00e9chal Foch \u2013 Ambert (63600)<\/li>\n\n\n\n<li>4 mars, de 14h \u00e0 16h, <strong><span class=\"has-inline-color has-light-green-cyan-color\">Atelier d&rsquo;\u00e9criture cr\u00e9ative<\/span><\/strong> <em>(atelier)<\/em> <strong><strong><mark style=\"background-color:rgba(0, 0, 0, 0);color:#664455\" class=\"has-inline-color\"><strong><strong><mark style=\"background-color:rgba(0, 0, 0, 0);color:#997788\" class=\"has-inline-color\">Les Adroits<\/mark><\/strong><\/strong><\/mark><\/strong><\/strong> \u2013 21 bis place St Jean \u2013 Ambert (63600)<\/li>\n<\/ul>\n\n\n\n<h4 class=\"wp-block-heading\"><em>Janvier<\/em><\/h4>\n\n\n\n<ul class=\"wp-block-list\">\n<li>11 janvier, de 10h \u00e0 17h (avec pause d\u00e9jeuner de 12h \u00e0 14h), <strong><span class=\"has-inline-color has-light-green-cyan-color\">Stage illustration<\/span><\/strong> <em>(atelier)<\/em> <strong><strong><mark style=\"background-color:rgba(0, 0, 0, 0);color:#664455\" class=\"has-inline-color\"><strong><strong><mark style=\"background-color:rgba(0, 0, 0, 0);color:#997788\" class=\"has-inline-color\">Les Adroits<\/mark><\/strong><\/strong><\/mark><\/strong><\/strong> \u2013 21 bis place St Jean \u2013 Ambert (63600)<\/li>\n<\/ul>\n\n\n\n<h2 class=\"wp-block-heading\"><strong>202<\/strong>5<\/h2>\n\n\n\n<h4 class=\"wp-block-heading\"><em>D\u00e9cembre<\/em><\/h4>\n\n\n\n<ul class=\"wp-block-list\">\n<li>10 d\u00e9cembre, de 14h \u00e0 16h, <strong><span class=\"has-inline-color has-light-green-cyan-color\">Atelier d&rsquo;\u00e9criture cr\u00e9ative<\/span><\/strong> <em>(atelier)<\/em> <strong><strong><mark style=\"background-color:rgba(0, 0, 0, 0);color:#664455\" class=\"has-inline-color\"><strong><strong><mark style=\"background-color:rgba(0, 0, 0, 0);color:#997788\" class=\"has-inline-color\">Les Adroits<\/mark><\/strong><\/strong><\/mark><\/strong><\/strong> \u2013 21 bis place St Jean \u2013 Ambert (63600)<\/li>\n\n\n\n<li>6 d\u00e9cembre, de 14h \u00e0 17h, <strong><span class=\"has-inline-color has-light-green-cyan-color\">Atelier d&rsquo;illustration<\/span><\/strong> <em>(atelier)<\/em> <strong><strong><mark style=\"background-color:rgba(0, 0, 0, 0);color:#664455\" class=\"has-inline-color\"><strong><strong><mark style=\"background-color:rgba(0, 0, 0, 0);color:#997788\" class=\"has-inline-color\">Les Adroits<\/mark><\/strong><\/strong><\/mark><\/strong><\/strong> \u2013 21 bis place St Jean \u2013 Ambert (63600)<\/li>\n<\/ul>\n\n\n\n<h4 class=\"wp-block-heading\"><em>Novembre<\/em><\/h4>\n\n\n\n<ul class=\"wp-block-list\">\n<li>30 novembre, de 10h \u00e0 18h, <strong><mark style=\"background-color:rgba(0, 0, 0, 0);color:#a568e2\" class=\"has-inline-color\">March\u00e9 de la Cr\u00e9ation de St Saturnin<\/mark><\/strong> <em>(march\u00e9 d&rsquo;Art)<\/em> \u2013 <strong><mark style=\"background-color:rgba(0, 0, 0, 0);color:#997788\" class=\"has-inline-color\">St Saturnin<\/mark><\/strong> (63450)<\/li>\n\n\n\n<li>27, 28 &amp; 29 novembre, de 9h \u00e0 18h, <strong><mark style=\"background-color:rgba(0, 0, 0, 0);color:#a568e2\" class=\"has-inline-color\">Exposition-vente Artistes et Artisans du Livradois-Forez<\/mark><\/strong> <em>(march\u00e9 d&rsquo;Art)<\/em> <strong><mark style=\"background-color:rgba(0, 0, 0, 0);color:#997788\" class=\"has-inline-color\">Mairie ronde d&rsquo;Ambert<\/mark><\/strong>, salle d&rsquo;exposition au rez-de-chauss\u00e9e \u2013 Ambert (63600)<\/li>\n\n\n\n<li>26 novembre, de 14h \u00e0 17h, <strong><span class=\"has-inline-color has-light-green-cyan-color\">Atelier illustration &#8211; dessin du corps humain et\/ou colorisation \u00e0 l&rsquo;encre<\/span><\/strong> <em>(atelier) <\/em><strong><strong><mark style=\"background-color:rgba(0, 0, 0, 0);color:#664455\" class=\"has-inline-color\"><strong><strong><mark style=\"background-color:rgba(0, 0, 0, 0);color:#997788\" class=\"has-inline-color\">Les Adroits<\/mark><\/strong><\/strong><\/mark><\/strong><\/strong> \u2013 21 bis place St Jean \u2013 Ambert (63600)<\/li>\n\n\n\n<li>22 novembre, de 14h \u00e0 16h, <strong><span class=\"has-inline-color has-light-green-cyan-color\">Atelier d&rsquo;\u00e9criture cr\u00e9ative<\/span><\/strong> <em>(atelier) <\/em><strong><strong><mark style=\"background-color:rgba(0, 0, 0, 0);color:#664455\" class=\"has-inline-color\"><strong><strong><mark style=\"background-color:rgba(0, 0, 0, 0);color:#997788\" class=\"has-inline-color\">Les Adroits<\/mark><\/strong><\/strong><\/mark><\/strong><\/strong> \u2013 21 bis place St Jean \u2013 Ambert (63600)<\/li>\n<\/ul>\n\n\n\n<h4 class=\"wp-block-heading\"><em>Septembre<\/em><\/h4>\n\n\n\n<ul class=\"wp-block-list\">\n<li>20-21 septembre de 14h30 \u00e0 18h, <strong><mark style=\"background-color:rgba(0, 0, 0, 0);color:#a568e2\" class=\"has-inline-color\">pr\u00e9sence \u00e0 l&rsquo;exposition \u00ab\u00a0Arbres de Vies\u00a0\u00bb<\/mark><\/strong> <em>(<em>exposition, vente reproductions et d\u00e9monstration)<\/em><\/em> \u00e0 l&rsquo;occasion des Journ\u00e9es du Patrimoine, <strong><mark style=\"background-color:rgba(0, 0, 0, 0);color:#664455\" class=\"has-inline-color\"><strong><mark style=\"background-color:rgba(0, 0, 0, 0);color:#997788\" class=\"has-inline-color\">Le Jardin pour la Terre<\/mark><\/strong><\/mark><\/strong> \u2013 Arlanc (63220)<\/li>\n\n\n\n<li>13 septembre de 14h \u00e0 18h et 14 septembre de 10h30 \u00e0 18h, <strong><mark style=\"background-color:rgba(0, 0, 0, 0);color:#a568e2\" class=\"has-inline-color\">pr\u00e9sence \u00e0 l&rsquo;exposition \u00ab\u00a0Arbres de Vies\u00a0\u00bb<\/mark><\/strong> <em><em>(<em>exposition, vente reproductions et d\u00e9monstration)<\/em><\/em><\/em> \u00e0 l&rsquo;occasion de la F\u00eate de l&rsquo;Arbre, <strong><mark style=\"background-color:rgba(0, 0, 0, 0);color:#664455\" class=\"has-inline-color\"><strong><mark style=\"background-color:rgba(0, 0, 0, 0);color:#997788\" class=\"has-inline-color\">Le Jardin pour la Terre<\/mark><\/strong><\/mark><\/strong> \u2013 Arlanc (63220)<\/li>\n\n\n\n<li>du 03 au 21 septembre, de 14h30 \u00e0 18h, <strong><mark style=\"background-color:rgba(0, 0, 0, 0);color:#a568e2\" class=\"has-inline-color\">Exposition \u00ab\u00a0Arbres de Vies\u00a0\u00bb<\/mark><\/strong> <em>(exposition)<\/em> <strong><mark style=\"background-color:rgba(0, 0, 0, 0);color:#664455\" class=\"has-inline-color\"><strong><mark style=\"background-color:rgba(0, 0, 0, 0);color:#997788\" class=\"has-inline-color\">Le Jardin pour la Terre<\/mark><\/strong><\/mark><\/strong> \u2013 Arlanc (63220)<\/li>\n<\/ul>\n\n\n\n<h4 class=\"wp-block-heading\"><em>Juillet<\/em><\/h4>\n\n\n\n<ul class=\"wp-block-list\">\n<li>24, 25 &amp; 26 juillet, de 9h \u00e0 18h, <strong><mark style=\"background-color:rgba(0, 0, 0, 0);color:#a568e2\" class=\"has-inline-color\">Exposition-vente Artistes et Artisans du Livradois-Forez<\/mark><\/strong> <em>(march\u00e9 d&rsquo;Art)<\/em> <strong><mark style=\"background-color:rgba(0, 0, 0, 0);color:#664455\" class=\"has-inline-color\"><strong><mark style=\"background-color:rgba(0, 0, 0, 0);color:#997788\" class=\"has-inline-color\">Mairie ronde d&rsquo;Ambert<\/mark><\/strong><\/mark><\/strong>, salle d&rsquo;exposition au rez-de-chauss\u00e9e, bd de la R\u00e9publique \u2013 Ambert (63590)<\/li>\n\n\n\n<li>12 juillet de 14h \u00e0 21h, <strong><mark style=\"background-color:rgba(0, 0, 0, 0);color:#a568e2\" class=\"has-inline-color\">Sam&rsquo;di l&rsquo;Art<\/mark><\/strong> <em>(march\u00e9 d&rsquo;Art)<\/em> de la Place de la Halle au Creux du March\u00e9 \u2013 <strong><mark style=\"background-color:rgba(0, 0, 0, 0);color:#997788\" class=\"has-inline-color\">Billom<\/mark><\/strong> (63160)<\/li>\n<\/ul>\n\n\n\n<h4 class=\"wp-block-heading\"><em>Mai<\/em><\/h4>\n\n\n\n<ul class=\"wp-block-list\">\n<li>31 mai de 13h \u00e0 18h, <strong><mark style=\"background-color:rgba(0, 0, 0, 0);color:#a568e2\" class=\"has-inline-color\">F\u00eate du Livre Jeunesse et du Jeu<\/mark><\/strong> <em>(exposition-vente)<\/em> \u2013 <strong><mark style=\"background-color:rgba(0, 0, 0, 0);color:#997788\" class=\"has-inline-color\">Condat l\u00e8s Montboissier<\/mark><\/strong> (63490)<\/li>\n<\/ul>\n\n\n\n<h4 class=\"wp-block-heading\"><em>Avril<\/em><\/h4>\n\n\n\n<ul class=\"wp-block-list\">\n<li>21 avril, <strong>Fermeture d\u00e9finitive de la boutique Le Bulbe \u00e0 Plumes sur Etsy<\/strong> &#8211; <a href=\"https:\/\/lebulbeaplumes.etsy.com\" target=\"_blank\" rel=\"noreferrer noopener\">https:\/\/lebulbeaplumes.etsy.com<\/a> <em>(boutique)<\/em> \u2013 <strong><mark style=\"background-color:rgba(0, 0, 0, 0);color:#997788\" class=\"has-inline-color\">Internet<\/mark><\/strong><\/li>\n<\/ul>\n\n\n\n<h2 class=\"wp-block-heading\"><strong>202<\/strong>4<\/h2>\n\n\n\n<h4 class=\"wp-block-heading\"><em>D\u00e9cembre<\/em><\/h4>\n\n\n\n<ul class=\"wp-block-list\">\n<li>17, 18 &amp; 19 d\u00e9cembre, <strong><mark style=\"background-color:rgba(0, 0, 0, 0);color:#a568e2\" class=\"has-inline-color\">Exposition-vente Artistes et Artisans du Livradois-Forez<\/mark><\/strong> <em>(march\u00e9 d&rsquo;Art)<\/em>, <strong><mark style=\"background-color:rgba(0, 0, 0, 0);color:#664455\" class=\"has-inline-color\"><strong><mark style=\"background-color:rgba(0, 0, 0, 0);color:#997788\" class=\"has-inline-color\">Mairie ronde d&rsquo;Ambert<\/mark><\/strong><\/mark><\/strong> (salle d&rsquo;exposition, rez-de-chauss\u00e9e) \u2013 bd de la R\u00e9publique \u2013 Ambert (63590)<\/li>\n<\/ul>\n\n\n\n<h4 class=\"wp-block-heading\"><em>Ao\u00fbt<\/em><\/h4>\n\n\n\n<ul class=\"wp-block-list\">\n<li>10 &amp; 11 ao\u00fbt, <strong><mark style=\"background-color:rgba(0, 0, 0, 0);color:#a568e2\" class=\"has-inline-color\">Foire \u00e0 l&rsquo;Ail &#8211; Village d&rsquo;artistes<\/mark><\/strong> <em>(march\u00e9 d&rsquo;Art<\/em>) \u2013 <mark style=\"background-color:rgba(0, 0, 0, 0);color:#664455\" class=\"has-inline-color\"><strong><strong><mark style=\"background-color:rgba(0, 0, 0, 0);color:#997788\" class=\"has-inline-color\">Billom<\/mark><\/strong><\/strong><\/mark> (63160)<\/li>\n<\/ul>\n\n\n\n<h4 class=\"wp-block-heading\"><em>Juillet<\/em><\/h4>\n\n\n\n<ul class=\"wp-block-list\">\n<li>27 juillet de 9h30 \u00e0 14h30, <strong><mark style=\"background-color:rgba(0, 0, 0, 0);color:#a568e2\" class=\"has-inline-color\">Sam&rsquo;di l&rsquo;Art<\/mark><\/strong> <em>(march\u00e9 d&rsquo;Art<\/em>), place de la Halle \u2013 <mark style=\"background-color:rgba(0, 0, 0, 0);color:#664455\" class=\"has-inline-color\"><strong><strong><mark style=\"background-color:rgba(0, 0, 0, 0);color:#997788\" class=\"has-inline-color\">Billom<\/mark><\/strong><\/strong><\/mark> (63160)<\/li>\n<\/ul>\n\n\n\n<h4 class=\"wp-block-heading\"><em>Juin<\/em><\/h4>\n\n\n\n<ul class=\"wp-block-list\">\n<li>9 juin \u00e0 11h15 et \u00e0 17h30, <strong><mark style=\"background-color:rgba(0, 0, 0, 0);color:#f29898\" class=\"has-inline-color\">\u00c9tincelle<\/mark><\/strong> (<em>conte<\/em>), accompagn\u00e9e au violon par Laurent Cinus, dans le jardin (h) \u00e0 l&rsquo;occasion des Vitrines Qui Parlent \u2013 <strong><mark style=\"background-color:rgba(0, 0, 0, 0);color:#997788\" class=\"has-inline-color\">Arlanc<\/mark><\/strong> (63220)<\/li>\n\n\n\n<li>8 juin \u00e0 17h15, <strong><mark style=\"background-color:rgba(0, 0, 0, 0);color:#f29898\" class=\"has-inline-color\">\u00c9tincelle<\/mark><\/strong> (<em>conte<\/em>), accompagn\u00e9e au violon par Laurent Cinus, dans le jardin (h) \u00e0 l&rsquo;occasion des Vitrines Qui Parlent \u2013 <strong><mark style=\"background-color:rgba(0, 0, 0, 0);color:#664455\" class=\"has-inline-color\"><strong><mark style=\"background-color:rgba(0, 0, 0, 0);color:#997788\" class=\"has-inline-color\">Arlanc<\/mark><\/strong><\/mark><\/strong> (63220)<\/li>\n\n\n\n<li>du 8 au 9 juin, <strong><mark style=\"background-color:rgba(0, 0, 0, 0);color:#a568e2\" class=\"has-inline-color\">Voyage en Onirie<\/mark><mark style=\"background-color:rgba(0, 0, 0, 0);color:#a568e2\" class=\"has-inline-color\"><\/mark><\/strong> <em>(exposition)<\/em> \u00e0 l&rsquo;occasion des Vitrines Qui Parlent \u2013 <strong><mark style=\"background-color:rgba(0, 0, 0, 0);color:#664455\" class=\"has-inline-color\"><strong><mark style=\"background-color:rgba(0, 0, 0, 0);color:#997788\" class=\"has-inline-color\">Arlanc<\/mark><\/strong><\/mark><\/strong> (63220)<\/li>\n<\/ul>\n\n\n\n<h4 class=\"wp-block-heading\"><em>Janvier<\/em><\/h4>\n\n\n\n<ul class=\"wp-block-list\">\n<li><strong>Cartes postales<\/strong> disponibles \u00e0 la <strong><mark style=\"background-color:rgba(0, 0, 0, 0);color:#997788\" class=\"has-inline-color\">Librairie Tout Un Monde<\/mark><\/strong> <em>(boutique)<\/em> \u2013 Ambert (63600)<\/li>\n\n\n\n<li><strong>Cartes postales<\/strong> disponibles \u00e0 <strong><mark style=\"background-color:rgba(0, 0, 0, 0);color:#997788\" class=\"has-inline-color\">Mathilie Bio<\/mark><\/strong>, magasion bio <em>(boutique)<\/em> \u2013 Ambert (63600)<\/li>\n<\/ul>\n\n\n\n<h2 class=\"wp-block-heading\"><strong>2023<\/strong><\/h2>\n\n\n\n<h4 class=\"wp-block-heading\"><em><em>D\u00e9cembre<\/em><\/em><\/h4>\n\n\n\n<ul class=\"wp-block-list\">\n<li><strong>Coloring Book des illustrations cr\u00e9\u00e9es \u00e0 l&rsquo;occasion d&rsquo;Inktober 2024<\/strong>, \u00e0 t\u00e9l\u00e9charger et imprimer disponible sur ma boutique <strong><mark style=\"background-color:rgba(0, 0, 0, 0);color:#997788\" class=\"has-inline-color\">Etsy<\/mark><\/strong> <em>(boutique)<\/em><\/li>\n\n\n\n<li><strong>Originaux<\/strong> <strong>des illustrations cr\u00e9\u00e9es \u00e0 l&rsquo;occasion d&rsquo;Inktober 2024<\/strong> disponibles sur ma boutique <strong><mark style=\"background-color:rgba(0, 0, 0, 0);color:#664455\" class=\"has-inline-color\"><strong><mark style=\"background-color:rgba(0, 0, 0, 0);color:#997788\" class=\"has-inline-color\">Etsy<\/mark><\/strong><\/mark><\/strong> <em>(boutique)<\/em><\/li>\n\n\n\n<li><strong>Affiches\/cartes avec textes inspirants et motivants<\/strong> \u00e0 t\u00e9l\u00e9charger et imprimer disponibles sur ma boutique <strong><mark style=\"background-color:rgba(0, 0, 0, 0);color:#664455\" class=\"has-inline-color\"><strong><mark style=\"background-color:rgba(0, 0, 0, 0);color:#997788\" class=\"has-inline-color\">Etsy<\/mark><\/strong><\/mark><\/strong> <em>(boutique)<\/em><\/li>\n<\/ul>\n\n\n\n<h4 class=\"wp-block-heading\"><em>Octobre<\/em><\/h4>\n\n\n\n<ul class=\"wp-block-list\">\n<li><mark style=\"background-color:rgba(0, 0, 0, 0);color:#e051d0\" class=\"has-inline-color\"><strong>D\u00e9fi Inktober<\/strong><\/mark> : une illustration \u00e0 l&rsquo;encre par jour pendant un mois <em>(illustration)<\/em> \u2013 visible sur <strong><mark style=\"background-color:rgba(0, 0, 0, 0);color:#997788\" class=\"has-inline-color\">Instagram<\/mark><\/strong><\/li>\n<\/ul>\n\n\n\n<h4 class=\"wp-block-heading\"><em>Mai<\/em><\/h4>\n\n\n\n<ul class=\"wp-block-list\">\n<li><mark style=\"background-color:rgba(0, 0, 0, 0)\" class=\"has-inline-color has-vivid-red-color\"><\/mark>du 12 au 14 mai, <strong><mark style=\"background-color:rgba(0, 0, 0, 0);color:#a568e2\" class=\"has-inline-color\">Danse &amp; Nature<\/mark><mark style=\"background-color:rgba(0, 0, 0, 0);color:#a568e2\" class=\"has-inline-color\"><\/mark><\/strong> <em>(exposition)<\/em> \u00e0 l&rsquo;occasion des Vitrines Qui Parlent \u2013 <strong><mark style=\"background-color:rgba(0, 0, 0, 0);color:#997788\" class=\"has-inline-color\">Ambert<\/mark><\/strong> (63600)<\/li>\n<\/ul>\n\n\n\n<h4 class=\"wp-block-heading\"><em>Janvier<\/em><\/h4>\n\n\n\n<ul class=\"wp-block-list\">\n<li>8 janvier, <strong>Ouverture de la boutique Le Bulbe \u00e0 Plumes sur Etsy<\/strong> &#8211; <a href=\"https:\/\/lebulbeaplumes.etsy.com\" target=\"_blank\" rel=\"noreferrer noopener\">https:\/\/lebulbeaplumes.etsy.com<\/a> <em>(boutique)<\/em> \u2013 <mark style=\"background-color:rgba(0, 0, 0, 0);color:#664455\" class=\"has-inline-color\"><strong><strong><mark style=\"background-color:rgba(0, 0, 0, 0);color:#997788\" class=\"has-inline-color\">Internet<\/mark><\/strong><\/strong><\/mark><\/li>\n<\/ul>\n\n\n\n<h2 class=\"wp-block-heading\"><strong>202<\/strong>2<\/h2>\n\n\n\n<h4 class=\"wp-block-heading\"><em>Octobre<\/em><\/h4>\n\n\n\n<ul class=\"wp-block-list\">\n<li>2 octobre, sortie du livre <strong><mark style=\"background-color:rgba(0, 0, 0, 0)\" class=\"has-inline-color has-pale-cyan-blue-color\">Un Futur pour la Jeunesse<\/mark><mark style=\"background-color:rgba(0, 0, 0, 0)\" class=\"has-inline-color has-pale-cyan-blue-color\"><\/mark> <\/strong><em>(illustration de couverture, graphismes et mise en page) <\/em>aux <strong><mark style=\"background-color:rgba(0, 0, 0, 0);color:#997788\" class=\"has-inline-color\">\u00c9ditions Terre de Lumi\u00e8re<\/mark><\/strong><\/li>\n<\/ul>\n\n\n\n<h4 class=\"wp-block-heading\"><em>Septembre<\/em><\/h4>\n\n\n\n<ul class=\"wp-block-list\">\n<li>11 septembre, sortie du livre <strong><mark style=\"background-color:rgba(0, 0, 0, 0)\" class=\"has-inline-color has-pale-cyan-blue-color\">L&rsquo;H\u00e9ritage du Christ<\/mark> <\/strong><em>(graphismes int\u00e9rieurs et mise en page) <\/em>aux <strong><mark style=\"background-color:rgba(0, 0, 0, 0);color:#664455\" class=\"has-inline-color\"><strong><mark style=\"background-color:rgba(0, 0, 0, 0);color:#997788\" class=\"has-inline-color\">\u00c9ditions Terre de Lumi\u00e8re<\/mark><\/strong><\/mark><\/strong><\/li>\n<\/ul>\n\n\n\n<h4 class=\"wp-block-heading\"><em>Ao\u00fbt<\/em><\/h4>\n\n\n\n<ul class=\"wp-block-list\">\n<li>Cr\u00e9ation d&rsquo;un <strong><mark style=\"background-color:rgba(0, 0, 0, 0)\" class=\"has-inline-color has-pale-cyan-blue-color\">logo<\/mark><\/strong> <em>(illustration, graphisme)<\/em> pour un somatopathe itin\u00e9rant <\/li>\n\n\n\n<li><strong>Cartes postales et gravures<\/strong> disponibles \u00e0 <strong><mark style=\"background-color:rgba(0, 0, 0, 0);color:#997788\" class=\"has-inline-color\">Croc&rsquo;Chapelle<\/mark><\/strong> <em>(boutique)<\/em> \u2013 La Chapelle-Agnon (63590)<\/li>\n\n\n\n<li><strong>Cartes postales<\/strong> disponibles au <strong><mark style=\"background-color:rgba(0, 0, 0, 0);color:#997788\" class=\"has-inline-color\">Golf de Cunlhat<\/mark><\/strong> <em>(boutique)<\/em> \u2013 Cunlhat (63590)<\/li>\n<\/ul>\n\n\n\n<h4 class=\"wp-block-heading\"><em>Avril<\/em><\/h4>\n\n\n\n<ul class=\"wp-block-list\">\n<li>Enregistrement et mise en ligne du slam <strong><mark style=\"background-color:rgba(0, 0, 0, 0);color:#70a4ff\" class=\"has-inline-color\">Normalit\u00e9\/Diff\u00e9rence<\/mark><\/strong> <em>(slam)<\/em> \u2013 <strong><mark style=\"background-color:rgba(0, 0, 0, 0);color:#997788\" class=\"has-inline-color\">Soundcloud<\/mark><\/strong><\/li>\n<\/ul>\n\n\n\n<h4 class=\"wp-block-heading\"><em>Mars<\/em><\/h4>\n\n\n\n<ul class=\"wp-block-list\">\n<li>21 mars, illustration <strong><mark style=\"background-color:rgba(0, 0, 0, 0);color:#e051d0\" class=\"has-inline-color\">Jaillissement<\/mark><\/strong> pour l&rsquo;ann\u00e9e 2022 <em>(illustration)<\/em><\/li>\n<\/ul>\n\n\n\n<h4 class=\"wp-block-heading\"><em>Janvier<\/em><\/h4>\n\n\n\n<ul class=\"wp-block-list\">\n<li>19 janvier, sortie de la mini BD publicitaire <strong><mark style=\"background-color:rgba(0, 0, 0, 0);color:#e051d0\" class=\"has-inline-color\">Le Beurre Sal\u00e9<sup>\u00ae<\/sup> ou la v\u00e9ritable histoire du Petit Chaperon Rouge<span class=\"has-inline-color has-pale-cyan-blue-color\"><\/span><span class=\"has-inline-color has-pale-cyan-blue-color\"><\/span><\/mark> <\/strong><em>(illustrations et mise en page) <\/em><\/li>\n<\/ul>\n\n\n\n<h2 class=\"wp-block-heading\"><strong>2021<\/strong><\/h2>\n\n\n\n<h4 class=\"wp-block-heading\"><em>Novembre<\/em><\/h4>\n\n\n\n<ul class=\"wp-block-list\">\n<li>13 novembre 20h30, <strong><span style=\"color:#f29898\" class=\"has-inline-color\">MU<\/span><\/strong><em> (spectacle)<\/em> au <strong><mark style=\"background-color:rgba(0, 0, 0, 0);color:#997788\" class=\"has-inline-color\">Caf\u00e9 Rural Vis La Joie<\/mark><\/strong> \u2013 \u00c9gliseneuve-des-Liards (63490)<\/li>\n<\/ul>\n\n\n\n<h4 class=\"wp-block-heading\"><em>Octobre<\/em><\/h4>\n\n\n\n<ul class=\"wp-block-list\">\n<li>23 octobre 20h30, <strong><span style=\"color:#f29898\" class=\"has-inline-color\">MU<\/span><\/strong><em> (spectacle)<\/em> dans un salon (repr\u00e9sentation priv\u00e9e) \u2013 <strong><mark style=\"background-color:rgba(0, 0, 0, 0);color:#997788\" class=\"has-inline-color\">Lempdes<\/mark><\/strong> (63370)<\/li>\n<\/ul>\n\n\n\n<h4 class=\"wp-block-heading\"><em>Septembre<\/em><\/h4>\n\n\n\n<ul class=\"wp-block-list\">\n<li>19 septembre 14h30, <strong><span style=\"color:#f29898\" class=\"has-inline-color\">MU<\/span><\/strong><em> (spectacle)<\/em> \u00e0 <strong><mark style=\"background-color:rgba(0, 0, 0, 0);color:#997788\" class=\"has-inline-color\">Pignols&rsquo;Arts<\/mark><\/strong> \u2013 Pardines, Pignols (63270)<\/li>\n\n\n\n<li>18 septembre 16h30, <strong><span style=\"color:#f29898\" class=\"has-inline-color\">MU<\/span><\/strong> <em>(spectacle)<\/em> \u00e0 <mark style=\"background-color:rgba(0, 0, 0, 0);color:#664455\" class=\"has-inline-color\"><strong><strong><mark style=\"background-color:rgba(0, 0, 0, 0);color:#997788\" class=\"has-inline-color\">Pignols&rsquo;Arts<\/mark><\/strong><\/strong><\/mark> \u2013 Pardines, Pignols (63270)<\/li>\n<\/ul>\n\n\n\n<h4 class=\"wp-block-heading\"><em>Ao\u00fbt<\/em><\/h4>\n\n\n\n<ul class=\"wp-block-list\">\n<li>5 ao\u00fbt 18h30, <strong><span style=\"color:#a568e2\" class=\"has-inline-color\">Vernissage de l&rsquo;Exposition <em>Femmes<\/em><\/span><\/strong> <em>(exposition)<\/em> \u00e0 <strong><mark style=\"background-color:rgba(0, 0, 0, 0);color:#997788\" class=\"has-inline-color\">La Cure<\/mark><\/strong> \u2013 Cunlhat (63590) <span class=\"has-inline-color has-vivid-red-color\">\/ ANNUL\u00c9<\/span><\/li>\n\n\n\n<li>du 5 au 31 ao\u00fbt, <strong><span style=\"color:#a568e2\" class=\"has-inline-color\">Femmes<\/span><\/strong> <em>(exposition)<\/em> \u00e0 <strong><mark style=\"background-color:rgba(0, 0, 0, 0);color:#664455\" class=\"has-inline-color\"><strong><mark style=\"background-color:rgba(0, 0, 0, 0);color:#997788\" class=\"has-inline-color\">La Cure<\/mark><\/strong><\/mark><\/strong> \u2013 Cunlhat (63590) <span class=\"has-inline-color has-vivid-red-color\">\/ ANNUL\u00c9<\/span><\/li>\n<\/ul>\n\n\n\n<h4 class=\"wp-block-heading\"><em>Juillet<\/em><\/h4>\n\n\n\n<ul class=\"wp-block-list\">\n<li>10 juillet 21h, <strong><span style=\"color:#f29898\" class=\"has-inline-color\">MU<\/span><\/strong> <em>(spectacle)<\/em> au <strong><mark style=\"background-color:rgba(0, 0, 0, 0);color:#997788\" class=\"has-inline-color\">Volcan&rsquo;Hostel<\/mark><\/strong> \u2013 Picherande (63113)<\/li>\n<\/ul>\n\n\n\n<h4 class=\"wp-block-heading\"><em>Juin<\/em><\/h4>\n\n\n\n<ul class=\"wp-block-list\">\n<li>19 juin 15h, <strong><span style=\"color:#f29898\" class=\"has-inline-color\">MU<\/span><\/strong> <em>(spectacle)<\/em> dans un jardin \u2013 <strong><mark style=\"background-color:rgba(0, 0, 0, 0);color:#997788\" class=\"has-inline-color\">Yronde<\/mark><\/strong> (63270)<\/li>\n<\/ul>\n\n\n\n<h4 class=\"wp-block-heading\"><em>Mai<\/em><\/h4>\n\n\n\n<ul class=\"wp-block-list\">\n<li>12 mai, sortie des livres <strong><mark style=\"background-color:rgba(0, 0, 0, 0)\" class=\"has-inline-color has-pale-cyan-blue-color\">Kaya Dove 3<\/mark> <\/strong><em>(<em>graphismes int\u00e9rieurs et mise en page<\/em>)<\/em> et <strong><mark style=\"background-color:rgba(0, 0, 0, 0)\" class=\"has-inline-color has-pale-cyan-blue-color\">Sauvons la Nature<\/mark><\/strong> <em>(illustration de couverture, <em>graphismes et mise en page<\/em>) <\/em>aux <strong><mark style=\"background-color:rgba(0, 0, 0, 0);color:#664455\" class=\"has-inline-color\"><strong><mark style=\"background-color:rgba(0, 0, 0, 0);color:#997788\" class=\"has-inline-color\">\u00c9ditions Terre de Lumi\u00e8re<\/mark><\/strong><\/mark><\/strong><\/li>\n<\/ul>\n\n\n\n<h4 class=\"wp-block-heading\"><em>Mars<\/em><\/h4>\n\n\n\n<ul class=\"wp-block-list\">\n<li>19 mars 20h, <strong><span style=\"color:#f29898\" class=\"has-inline-color\">MU<\/span><\/strong> <em>(spectacle)<\/em> \u00e0 <strong><mark style=\"background-color:rgba(0, 0, 0, 0);color:#997788\" class=\"has-inline-color\">SaviLoisirs<\/mark><\/strong> \u2013 St Amant Roche Savine (63890)<\/li>\n<\/ul>\n\n\n\n<h4 class=\"wp-block-heading\"><em>F\u00e9vrier<\/em><\/h4>\n\n\n\n<ul class=\"wp-block-list\">\n<li>27 f\u00e9vrier 15h, <strong><span style=\"color:#f29898\" class=\"has-inline-color\">MU<\/span><\/strong> <em>(spectacle)<\/em> \u00e0 <strong><mark style=\"background-color:rgba(0, 0, 0, 0);color:#664455\" class=\"has-inline-color\"><strong><mark style=\"background-color:rgba(0, 0, 0, 0);color:#997788\" class=\"has-inline-color\">La Cure<\/mark><\/strong><\/mark><\/strong> \u2013 Cunlhat (63590)<\/li>\n<\/ul>\n\n\n\n<h2 class=\"wp-block-heading\"><strong>2020<\/strong><\/h2>\n\n\n\n<h4 class=\"wp-block-heading\"><em>Novembre<\/em><\/h4>\n\n\n\n<ul class=\"wp-block-list\">\n<li>13 novembre, <strong><span style=\"color:#f29898\" class=\"has-inline-color\">Explosion<\/span><\/strong> <em>(slam)<\/em> inspir\u00e9 des \u0153uvres de Michael Wittassek \u00e0 la Nuit des Mus\u00e9es, <strong><mark style=\"background-color:rgba(0, 0, 0, 0);color:#997788\" class=\"has-inline-color\">Mus\u00e9e des Beaux Arts<\/mark><\/strong> \u2013 Arras (62000) <span class=\"has-inline-color has-vivid-red-color\">\/ <span class=\"has-inline-color has-vivid-red-color\">ANNUL\u00c9 (confinement)<\/span><\/span><\/li>\n<\/ul>\n\n\n\n<h4 class=\"wp-block-heading\"><em>Octobre<\/em><\/h4>\n\n\n\n<ul class=\"wp-block-list\">\n<li>18 octobre 8h, <strong><mark style=\"background-color:rgba(0, 0, 0, 0);color:#f29898\" class=\"has-inline-color\">Un explorateur de la Nature<\/mark> <\/strong><em>(conte)<\/em> au <strong><mark style=\"background-color:rgba(0, 0, 0, 0);color:#997788\" class=\"has-inline-color\">Parc de la Louvi\u00e8re<\/mark><\/strong> \u2013 Don (59272)<\/li>\n\n\n\n<li>11 octobre 11h30, <strong><mark style=\"background-color:rgba(0, 0, 0, 0);color:#f29898\" class=\"has-inline-color\">La Jeune Femme et le Monstre<\/mark><\/strong> <em>(spectacle)<\/em> \u00e0 la <strong><mark style=\"background-color:rgba(0, 0, 0, 0);color:#997788\" class=\"has-inline-color\">New Art Gallery<\/mark><\/strong> \u2013 Lille (59000) <mark style=\"background-color:rgba(0, 0, 0, 0)\" class=\"has-inline-color has-vivid-red-color\">\/ <span class=\"has-inline-color has-vivid-red-color\">REPORT\u00c9 (restrictions sanitaires)<\/span><\/mark><\/li>\n\n\n\n<li>du 9 au 11 octobre, <strong><mark style=\"background-color:rgba(0, 0, 0, 0);color:#a568e2\" class=\"has-inline-color\">Week-end Arts &amp; Spiritualit\u00e9s, Le F\u00e9minin Sacr\u00e9<\/mark><\/strong> <em>(exposition)<\/em> \u00e0 la <strong><mark style=\"background-color:rgba(0, 0, 0, 0);color:#664455\" class=\"has-inline-color\"><strong><mark style=\"background-color:rgba(0, 0, 0, 0);color:#997788\" class=\"has-inline-color\">New Art Gallery<\/mark><\/strong><\/mark><\/strong> \u2013 Lille (59000) <mark style=\"background-color:rgba(0, 0, 0, 0)\" class=\"has-inline-color has-vivid-red-color\">\/ <span class=\"has-inline-color has-vivid-red-color\">ANNUL\u00c9 (restrictions sanitaires)<\/span><\/mark><\/li>\n\n\n\n<li>8 octobre, sortie des livres <strong><mark style=\"background-color:rgba(0, 0, 0, 0)\" class=\"has-inline-color has-pale-cyan-blue-color\">Forteresse de l\u2019Harmonie<\/mark><\/strong>, <strong><mark style=\"background-color:rgba(0, 0, 0, 0)\" class=\"has-inline-color has-pale-cyan-blue-color\">Regards sur les D\u00e9fis d\u2019une \u00c9poque tome 2<\/mark> <\/strong>et <strong><mark style=\"background-color:rgba(0, 0, 0, 0)\" class=\"has-inline-color has-pale-cyan-blue-color\">Perles d\u2019Amour tome 1<\/mark> <\/strong><em>(<em>illustration de couverture, graphisme et mise en page<\/em>) <\/em>aux <strong><mark style=\"background-color:rgba(0, 0, 0, 0);color:#664455\" class=\"has-inline-color\"><strong><mark style=\"background-color:rgba(0, 0, 0, 0);color:#997788\" class=\"has-inline-color\">\u00c9ditions Terre de Lumi\u00e8re<\/mark><\/strong><\/mark><\/strong><\/li>\n<\/ul>\n\n\n\n<h4 class=\"wp-block-heading\"><em>Septembre<\/em><\/h4>\n\n\n\n<ul class=\"wp-block-list\">\n<li>24 septembre 19h, <strong><span style=\"color:#f29898\" class=\"has-inline-color\">La Jeune Femme et le Monstre<\/span><\/strong> <em>(spectacle)<\/em> \u00e0 la <strong><mark style=\"background-color:rgba(0, 0, 0, 0);color:#664455\" class=\"has-inline-color\"><strong><mark style=\"background-color:rgba(0, 0, 0, 0);color:#997788\" class=\"has-inline-color\">New Art Gallery<\/mark><\/strong><\/mark><\/strong> \u2013 Lille (59000)<\/li>\n\n\n\n<li>20 septembre 16h, <strong><span style=\"color:#f29898\" class=\"has-inline-color\">La Jeune Femme et le Monstre<\/span><\/strong> <em>(spectacle)<\/em> dans un jardin \u2013 <strong><mark style=\"background-color:rgba(0, 0, 0, 0);color:#997788\" class=\"has-inline-color\">Boursin<\/mark><\/strong> (62132)<\/li>\n\n\n\n<li>12 septembre 13h, 14h, 15h et 16h, <strong><span style=\"color:#f29898\" class=\"has-inline-color\">Un explorateur de la Nature<\/span><\/strong> <em>(conte)<\/em> au <strong><mark style=\"background-color:rgba(0, 0, 0, 0);color:#997788\" class=\"has-inline-color\">relais Nature du Canal de la De\u00fble \u00e0 l&rsquo;Escaut<\/mark><\/strong> \u2013 Tourcoing (59200)<\/li>\n<\/ul>\n\n\n\n<h4 class=\"wp-block-heading\"><em>Ao\u00fbt<\/em><\/h4>\n\n\n\n<ul class=\"wp-block-list\">\n<li>2 ao\u00fbt, <strong><span class=\"has-inline-color has-light-green-cyan-color\">Atelier de cr\u00e9ation d&rsquo;une histoire en groupe<\/span><\/strong> <em>(atelier) <\/em>au <strong><mark style=\"background-color:rgba(0, 0, 0, 0);color:#997788\" class=\"has-inline-color\">Mus\u00e9e de Plein Air<\/mark><\/strong> \u2013 Villeneuve d&rsquo;Ascq (59650) <span class=\"has-inline-color has-vivid-red-color\">\/ <span class=\"has-inline-color has-vivid-red-color\">ANNUL\u00c9 (restrictions sanitaires)<\/span><\/span><\/li>\n<\/ul>\n\n\n\n<h4 class=\"wp-block-heading\"><em>Juillet<\/em><\/h4>\n\n\n\n<ul class=\"wp-block-list\">\n<li>du 10 au 19 juillet, <strong><span style=\"color:#a568e2\" class=\"has-inline-color\">L&rsquo;Art \u00d4 Pacbo<\/span><\/strong><em>(exposition) <\/em>au <strong><mark style=\"background-color:rgba(0, 0, 0, 0);color:#997788\" class=\"has-inline-color\">Pacbo<\/mark><\/strong> \u2013 Orchies (59310)<\/li>\n\n\n\n<li>14 juillet 18h, <strong><span style=\"color:#f29898\" class=\"has-inline-color\">Signatures<\/span><\/strong> <em>(slam) <\/em>au <strong><mark style=\"background-color:rgba(0, 0, 0, 0);color:#664455\" class=\"has-inline-color\"><strong><mark style=\"background-color:rgba(0, 0, 0, 0);color:#997788\" class=\"has-inline-color\">Pacbo<\/mark><\/strong><\/mark><\/strong> \u2013 Orchies (59310)<\/li>\n<\/ul>\n\n\n\n<h4 class=\"wp-block-heading\"><em>Juin<\/em><\/h4>\n\n\n\n<ul class=\"wp-block-list\">\n<li>13 juin, <strong><span style=\"color:#f29898\" class=\"has-inline-color\">Le Moulin Enchant\u00e9<\/span><\/strong> <em>(conte)<\/em> au <strong><mark style=\"background-color:rgba(0, 0, 0, 0);color:#664455\" class=\"has-inline-color\"><strong><mark style=\"background-color:rgba(0, 0, 0, 0);color:#997788\" class=\"has-inline-color\">Mus\u00e9e de Plein Air<\/mark><\/strong><\/mark><\/strong> \u2013 Villeneuve d&rsquo;Ascq (59650) <span class=\"has-inline-color has-vivid-red-color\">\/ ANNUL\u00c9 (restrictions sanitaires)<\/span><\/li>\n<\/ul>\n\n\n\n<h4 class=\"wp-block-heading\"><em>Avril<\/em><\/h4>\n\n\n\n<ul class=\"wp-block-list\">\n<li>26 avril, <strong><span style=\"color:#f29898\" class=\"has-inline-color\">Contes de grenouille<\/span><\/strong> <em>(conte)<\/em> au <strong><mark style=\"background-color:rgba(0, 0, 0, 0);color:#664455\" class=\"has-inline-color\"><strong><mark style=\"background-color:rgba(0, 0, 0, 0);color:#997788\" class=\"has-inline-color\">Mus\u00e9e de Plein Air<\/mark><\/strong><\/mark><\/strong> \u2013 Villeneuve d&rsquo;Ascq (59650) <span class=\"has-inline-color has-vivid-red-color\">\/ ANNUL\u00c9 (confinement)<\/span><\/li>\n\n\n\n<li>22 avril, <strong><span style=\"color:#70a4ff\" class=\"has-inline-color\">PasSage<\/span><\/strong> <em>(slam)<\/em> \u00e9crit \u00e0 4 mains \u2013 vid\u00e9o sur <strong><mark style=\"background-color:rgba(0, 0, 0, 0);color:#997788\" class=\"has-inline-color\">Youtube<\/mark><\/strong><\/li>\n\n\n\n<li>du 14 au 16 avril, <strong><span style=\"color:#a568e2\" class=\"has-inline-color\">Journ\u00e9es Europ\u00e9ennes des M\u00e9tiers d&rsquo;Art<\/span><\/strong> <em>(exposition)<\/em> \u00e0 <strong><mark style=\"background-color:rgba(0, 0, 0, 0);color:#997788\" class=\"has-inline-color\">La Grange<\/mark><\/strong> \u2013 Orchies (59310) <span class=\"has-inline-color has-vivid-red-color\">\/ ANNUL\u00c9 (confinement)<\/span><\/li>\n<\/ul>\n\n\n\n<h4 class=\"wp-block-heading\"><em>Mars<\/em><\/h4>\n\n\n\n<ul class=\"wp-block-list\">\n<li>du 18 au 22 mars, <strong><mark style=\"background-color:rgba(0, 0, 0, 0);color:#70a4ff\" class=\"has-inline-color\">D\u00e9fi Printemps des Po\u00e8tes<\/mark><\/strong> <em>(po\u00e9sie, slam)<\/em>, un po\u00e8me ou slam par jour sur le th\u00e8me du Courage pendant le <strong><mark style=\"background-color:rgba(0, 0, 0, 0);color:#997788\" class=\"has-inline-color\">Printemps des Po\u00e8tes<\/mark><\/strong><\/li>\n\n\n\n<li>12-13 mars, <strong><mark style=\"background-color:rgba(0, 0, 0, 0)\" class=\"has-inline-color has-light-green-cyan-color\">Immersion pour projet slam<\/mark> <\/strong>en <strong><mark style=\"background-color:rgba(0, 0, 0, 0);color:#997788\" class=\"has-inline-color\">EPPM<\/mark><\/strong> <em>(atelier)<\/em> \u2013 Qui\u00e9vrechain (59220) <mark style=\"background-color:rgba(0, 0, 0, 0)\" class=\"has-inline-color has-vivid-red-color\">\/ projet non retenu<\/mark><\/li>\n\n\n\n<li>1<sup>er <\/sup>mars, <strong><mark style=\"background-color:rgba(0, 0, 0, 0);color:#a568e2\" class=\"has-inline-color\">Dialogue avec les Arts<\/mark><\/strong> <em>(exposition)<\/em> \u2013 <strong><mark style=\"background-color:rgba(0, 0, 0, 0);color:#997788\" class=\"has-inline-color\">Houplin-Ancoisne<\/mark><\/strong> (59263)<\/li>\n<\/ul>\n\n\n\n<h4 class=\"wp-block-heading\"><em>F\u00e9vrier<\/em><\/h4>\n\n\n\n<ul class=\"wp-block-list\">\n<li>28 f\u00e9vrier 19h, <strong><span style=\"color:#f29898\" class=\"has-inline-color\">Le Secret de la Chouette<\/span><\/strong> <em>(conte et balade avec Mi-T\u00eatard Mi-Saule, guide nature)<\/em> \u2013 <strong><mark style=\"background-color:rgba(0, 0, 0, 0);color:#997788\" class=\"has-inline-color\">Coutiches<\/mark><\/strong> (59310)<\/li>\n\n\n\n<li>1<sup>er<\/sup> et 2 f\u00e9vrier, <strong><span style=\"color:#a568e2\" class=\"has-inline-color\">Salon artistique<\/span><\/strong> <em>(exposition)<\/em> \u2013 <strong><mark style=\"background-color:rgba(0, 0, 0, 0);color:#997788\" class=\"has-inline-color\">Beuvry la For\u00eat<\/mark><\/strong> (59310)<\/li>\n<\/ul>\n\n\n\n<h4 class=\"wp-block-heading\"><em>Janvier<\/em><\/h4>\n\n\n\n<ul class=\"wp-block-list\">\n<li>du 20 au 28 janvier, <strong><span style=\"color:#f29898\" class=\"has-inline-color\">Le Voyage d\u2019Alex<\/span><\/strong><em> (conte + atelier papier)<\/em> \u00e0 l\u2019<strong><mark style=\"background-color:rgba(0, 0, 0, 0);color:#997788\" class=\"has-inline-color\">\u00e9cole de la Providence<\/mark><\/strong> \u2013 Orchies (59310)<\/li>\n\n\n\n<li>1<sup>er<\/sup> janvier, <strong>Fermeture de la boutique Society 6<\/strong> <em>(boutique)<\/em> \u2013 <mark style=\"background-color:rgba(0, 0, 0, 0);color:#664455\" class=\"has-inline-color\"><strong><strong><mark style=\"background-color:rgba(0, 0, 0, 0);color:#997788\" class=\"has-inline-color\">Internet<\/mark><\/strong><\/strong><\/mark><\/li>\n<\/ul>\n\n\n\n<h2 class=\"wp-block-heading\"><strong>2019<\/strong><\/h2>\n\n\n\n<h4 class=\"wp-block-heading\"><em>D\u00e9cembre<\/em><\/h4>\n\n\n\n<ul class=\"wp-block-list\">\n<li>du 24 d\u00e9cembre au 5 janvier, <strong><span style=\"color:#70a4ff\" class=\"has-inline-color\">D\u00e9fi #1nuit1poeme 2019-2020<\/span><\/strong> <em>(po\u00e9sie, slam)<\/em>, un po\u00e8me\/slam par jour durant les nuits saintes<\/li>\n\n\n\n<li>18 d\u00e9cembre 9h, <strong><span style=\"color:#70a4ff\" class=\"has-inline-color\">Le Capuchon Rouge<\/span><\/strong> <em>(conte)<\/em> sur <strong><mark style=\"background-color:rgba(0, 0, 0, 0);color:#997788\" class=\"has-inline-color\">RadioPlus<\/mark><\/strong> \u2013 104.3FM<\/li>\n\n\n\n<li>7 d\u00e9cembre, <strong><span style=\"color:#f29898\" class=\"has-inline-color\">Chant en sc\u00e8ne partag\u00e9e<\/span><\/strong> <em>(chant)<\/em> au <strong><mark style=\"background-color:rgba(0, 0, 0, 0);color:#997788\" class=\"has-inline-color\">T\u00e9l\u00e9thon<\/mark><\/strong> \u2013 Beuvry la For\u00eat (59310)<\/li>\n<\/ul>\n\n\n\n<h4 class=\"wp-block-heading\"><em>Novembre<\/em><\/h4>\n\n\n\n<ul class=\"wp-block-list\">\n<li>24 novembre, <strong><span style=\"color:#f29898\" class=\"has-inline-color\">Festival des Solidarit\u00e9s<\/span><\/strong> <em>(danse + exposition)<\/em> au <strong><mark style=\"background-color:rgba(0, 0, 0, 0);color:#664455\" class=\"has-inline-color\"><strong><mark style=\"background-color:rgba(0, 0, 0, 0);color:#997788\" class=\"has-inline-color\">Pacbo<\/mark><\/strong><\/mark><\/strong> \u2013 Orchies (59310)<\/li>\n<\/ul>\n\n\n\n<h4 class=\"wp-block-heading\"><em>Octobre<\/em><\/h4>\n\n\n\n<ul class=\"wp-block-list\">\n<li>5 octobre, <strong><span style=\"color:#a568e2\" class=\"has-inline-color\">Rencontre artistique<\/span><\/strong> <em>(exposition)<\/em> \u2013 <strong><mark style=\"background-color:rgba(0, 0, 0, 0);color:#997788\" class=\"has-inline-color\">Nivelles<\/mark><\/strong> (59230)<\/li>\n\n\n\n<li>sortie du livre <strong><span class=\"has-inline-color has-pale-cyan-blue-color\">L\u2019Art Sophianique<\/span><\/strong> et du livret-CD <strong><span class=\"has-inline-color has-pale-cyan-blue-color\">Forteresse de l\u2019Harmonie tome 1<\/span><\/strong><em><span class=\"has-inline-color has-pale-cyan-blue-color\"><\/span> <span class=\"has-inline-color has-black-color\">(g<\/span>raphisme) <\/em>aux <strong><mark style=\"background-color:rgba(0, 0, 0, 0);color:#664455\" class=\"has-inline-color\"><strong><mark style=\"background-color:rgba(0, 0, 0, 0);color:#997788\" class=\"has-inline-color\">\u00c9ditions Terre de Lumi\u00e8re<\/mark><\/strong><\/mark><\/strong><\/li>\n\n\n\n<li>Tous les mercredis, samedis et dimanches, <strong><span style=\"color:#f29898\" class=\"has-inline-color\">Cont\u00e9es<\/span><\/strong> <em>(contes)<\/em> au <strong><mark style=\"background-color:rgba(0, 0, 0, 0);color:#664455\" class=\"has-inline-color\"><strong><mark style=\"background-color:rgba(0, 0, 0, 0);color:#997788\" class=\"has-inline-color\">Mus\u00e9e de Plein Air<\/mark><\/strong><\/mark><\/strong> \u2013 Villeneuve d&rsquo;Ascq (59650)<\/li>\n<\/ul>\n\n\n\n<h4 class=\"wp-block-heading\"><em>Septembre<\/em><\/h4>\n\n\n\n<ul class=\"wp-block-list\">\n<li>11 septembre 10h, <strong><span style=\"color:#70a4ff\" class=\"has-inline-color\">Le Chevalier G\u00e9rald<\/span><\/strong> <em>(conte)<\/em> sur <mark style=\"background-color:rgba(0, 0, 0, 0);color:#664455\" class=\"has-inline-color\"><strong><strong><mark style=\"background-color:rgba(0, 0, 0, 0);color:#997788\" class=\"has-inline-color\">RadioPlus<\/mark><\/strong><\/strong><\/mark> \u2013 104.3FM<\/li>\n\n\n\n<li>Tous les mercredis, samedis et dimanches, <strong><span style=\"color:#f29898\" class=\"has-inline-color\">Cont\u00e9es<\/span><\/strong> <em>(contes)<\/em> au <strong><mark style=\"background-color:rgba(0, 0, 0, 0);color:#664455\" class=\"has-inline-color\"><strong><mark style=\"background-color:rgba(0, 0, 0, 0);color:#997788\" class=\"has-inline-color\">Mus\u00e9e de Plein Air<\/mark><\/strong><\/mark><\/strong> \u2013 Villeneuve d&rsquo;Ascq (59650)<\/li>\n<\/ul>\n\n\n\n<h4 class=\"wp-block-heading\"><em>Ao\u00fbt<\/em><\/h4>\n\n\n\n<ul class=\"wp-block-list\">\n<li>30 ao\u00fbt 20h, <strong><span style=\"color:#f29898\" class=\"has-inline-color\">Balade nature cont\u00e9e au cr\u00e9puscule<\/span> <\/strong><em>(conte et balade avec <em>Mi-T\u00eatard Mi-Saule<\/em><\/em>, <em>guide nature)<\/em> \u2013 <strong><mark style=\"background-color:rgba(0, 0, 0, 0);color:#664455\" class=\"has-inline-color\"><strong><mark style=\"background-color:rgba(0, 0, 0, 0);color:#997788\" class=\"has-inline-color\">Coutiches<\/mark><\/strong><\/mark><\/strong> (59310)<\/li>\n\n\n\n<li>2 ao\u00fbt 10h, <strong><span style=\"color:#f29898\" class=\"has-inline-color\">L\u2019Ispug<\/span><\/strong> <em>(conte)<\/em> au <strong><mark style=\"background-color:rgba(0, 0, 0, 0);color:#997788\" class=\"has-inline-color\">Centre d&rsquo;accueil et de loisirs Jean-Mermoz<\/mark><\/strong> \u2013 Villeneuve d\u2019Ascq (59650)<\/li>\n\n\n\n<li>Tous les mercredis, samedis et dimanches, <strong><span style=\"color:#f29898\" class=\"has-inline-color\">Cont\u00e9es<\/span><\/strong> <em>(contes)<\/em> au <strong><mark style=\"background-color:rgba(0, 0, 0, 0);color:#664455\" class=\"has-inline-color\"><strong><mark style=\"background-color:rgba(0, 0, 0, 0);color:#997788\" class=\"has-inline-color\">Mus\u00e9e de Plein Air<\/mark><\/strong><\/mark><\/strong> \u2013 Villeneuve d&rsquo;Ascq (59650)<\/li>\n<\/ul>\n\n\n\n<h4 class=\"wp-block-heading\"><em>Juillet<\/em><\/h4>\n\n\n\n<ul class=\"wp-block-list\">\n<li>13 juillet 11h, 14h, 16h et 18h, <strong><span style=\"color:#f29898\" class=\"has-inline-color\">Une Histoire de Lyd\u00e9ric #1<\/span><\/strong> <em>(conte)<\/em> au <strong><mark style=\"background-color:rgba(0, 0, 0, 0);color:#997788\" class=\"has-inline-color\">Festival Interculturel du Conte de Chiny<\/mark><\/strong> \u2013 Chiny (6810), Belgique<\/li>\n\n\n\n<li>Tous les mercredis, samedis et dimanches, <strong><span style=\"color:#f29898\" class=\"has-inline-color\">Cont\u00e9es<\/span><\/strong> <em>(contes)<\/em> au <strong><mark style=\"background-color:rgba(0, 0, 0, 0);color:#664455\" class=\"has-inline-color\"><strong><mark style=\"background-color:rgba(0, 0, 0, 0);color:#997788\" class=\"has-inline-color\">Mus\u00e9e de Plein Air<\/mark><\/strong><\/mark><\/strong> \u2013 Villeneuve d&rsquo;Ascq (59650)<\/li>\n<\/ul>\n\n\n\n<h4 class=\"wp-block-heading\"><em>Juin<\/em><\/h4>\n\n\n\n<ul class=\"wp-block-list\">\n<li>1<sup>er<\/sup> et 2 juin, <strong><span style=\"color:#f29898\" class=\"has-inline-color\">Des Nu\u00e9es de Sens<\/span><\/strong> <em>(danse)<\/em> spectacle cr\u00e9\u00e9 par Manu Bacquart + <strong><span style=\"color:#f29898\" class=\"has-inline-color\">Signatures<\/span><\/strong> <em>(slam)<\/em> inclus dans le spectacle, au <strong><mark style=\"background-color:rgba(0, 0, 0, 0);color:#664455\" class=\"has-inline-color\"><strong><mark style=\"background-color:rgba(0, 0, 0, 0);color:#997788\" class=\"has-inline-color\">Pacbo<\/mark><\/strong><\/mark><\/strong> \u2013 Orchies (59310)<\/li>\n\n\n\n<li>sortie des livres <strong><span class=\"has-inline-color has-pale-cyan-blue-color\">Les Myst\u00e8res de la Nature Humaine<\/span><\/strong> et <strong><span class=\"has-inline-color has-pale-cyan-blue-color\">Regards sur les D\u00e9fis d\u2019une \u00c9poque tome 1<\/span><\/strong><em> (illustrations et graphismes) <\/em>aux <strong><mark style=\"background-color:rgba(0, 0, 0, 0);color:#664455\" class=\"has-inline-color\"><strong><mark style=\"background-color:rgba(0, 0, 0, 0);color:#997788\" class=\"has-inline-color\">\u00c9ditions Terre de Lumi\u00e8re<\/mark><\/strong><\/mark><\/strong><\/li>\n\n\n\n<li>Tous les mercredis, samedis et dimanches, <strong><span style=\"color:#f29898\" class=\"has-inline-color\">Cont\u00e9es<\/span><\/strong> <em>(contes)<\/em> au <strong><mark style=\"background-color:rgba(0, 0, 0, 0);color:#664455\" class=\"has-inline-color\"><strong><mark style=\"background-color:rgba(0, 0, 0, 0);color:#997788\" class=\"has-inline-color\">Mus\u00e9e de Plein Air<\/mark><\/strong><\/mark><\/strong> \u2013 Villeneuve d&rsquo;Ascq (59650)<\/li>\n<\/ul>\n\n\n\n<h4 class=\"wp-block-heading\"><em>Mai<\/em><\/h4>\n\n\n\n<ul class=\"wp-block-list\">\n<li>31 mai 20h, <strong><span style=\"color:#f29898\" class=\"has-inline-color\">Tenue de Soir\u00e9e<\/span> <\/strong>&#8211; concert en sc\u00e8ne partag\u00e9e <em>(chant)<\/em> au <strong><mark style=\"background-color:rgba(0, 0, 0, 0);color:#664455\" class=\"has-inline-color\"><strong><mark style=\"background-color:rgba(0, 0, 0, 0);color:#997788\" class=\"has-inline-color\">Pacbo<\/mark><\/strong><\/mark><\/strong> \u2013 Orchies (59310)<\/li>\n\n\n\n<li>du 30 mai au 6 juin, <strong><span style=\"color:#a568e2\" class=\"has-inline-color\">Salon artistique Jo\u00ebl Bart<\/span><\/strong> <em>(exposition)<\/em> <strong><mark style=\"background-color:rgba(0, 0, 0, 0);color:#664455\" class=\"has-inline-color\"><strong><mark style=\"background-color:rgba(0, 0, 0, 0);color:#664455\" class=\"has-inline-color\"><strong><mark style=\"background-color:rgba(0, 0, 0, 0);color:#997788\" class=\"has-inline-color\">Mairie<\/mark><\/strong><\/mark><\/strong><\/mark><\/strong> \u2013 Orchies (59310) + <strong>Prix des Artistes Douaisiens<\/strong> pour Amazone<\/li>\n\n\n\n<li>6 et 13 mai, <strong><span style=\"color:#f29898\" class=\"has-inline-color\">La Belle Balle<\/span><\/strong> <em>(conte + ateliers)<\/em> \u00e0 l\u2019<strong><mark style=\"background-color:rgba(0, 0, 0, 0);color:#997788\" class=\"has-inline-color\">\u00e9cole Ste Bernadette<\/mark><\/strong> \u2013 Landas (59310) + restitution le 21 mai<\/li>\n\n\n\n<li>4 mai 14h, <strong><span style=\"color:#f29898\" class=\"has-inline-color\">L&rsquo;Histoire d&rsquo;une Graine #1<\/span><\/strong> <em>(conte + atelier dessin) <\/em>\u00e0 la <strong><mark style=\"background-color:rgba(0, 0, 0, 0);color:#997788\" class=\"has-inline-color\">Journ\u00e9e Verte<\/mark><\/strong> \u2013 Lecelles (59226)<\/li>\n\n\n\n<li>3 mai 18h30, <strong><span style=\"color:#f29898\" class=\"has-inline-color\">Afterwork nature : Pissenlit &amp; Co<\/span><\/strong><em> (conte) <\/em>au <strong><mark style=\"background-color:rgba(0, 0, 0, 0);color:#997788\" class=\"has-inline-color\">Boulangerie Bar<\/mark><\/strong> \u2013 Lille (59000)<\/li>\n\n\n\n<li>Tous les mercredis, samedis et dimanches, <strong><span style=\"color:#f29898\" class=\"has-inline-color\">Cont\u00e9es<\/span><\/strong> <em>(contes)<\/em> au <strong><mark style=\"background-color:rgba(0, 0, 0, 0);color:#664455\" class=\"has-inline-color\"><strong><mark style=\"background-color:rgba(0, 0, 0, 0);color:#997788\" class=\"has-inline-color\">Mus\u00e9e de Plein Air<\/mark><\/strong><\/mark><\/strong> \u2013 Villeneuve d&rsquo;Ascq (59650)<\/li>\n<\/ul>\n\n\n\n<h4 class=\"wp-block-heading\"><em>Avril<\/em><\/h4>\n\n\n\n<ul class=\"wp-block-list\">\n<li>30 avril, <strong><span style=\"color:#f29898\" class=\"has-inline-color\">La Belle Balle<\/span><\/strong> <em>(conte + ateliers)<\/em> \u00e0 l\u2019<strong><mark style=\"background-color:rgba(0, 0, 0, 0);color:#664455\" class=\"has-inline-color\"><strong><mark style=\"background-color:rgba(0, 0, 0, 0);color:#997788\" class=\"has-inline-color\">\u00e9cole Ste Bernadette<\/mark><\/strong><\/mark><\/strong> \u2013 Landas (59310)<\/li>\n\n\n\n<li>25 avril 20h, <strong><span style=\"color:#f29898\" class=\"has-inline-color\">Concert en sc\u00e8ne partag\u00e9e<\/span><\/strong> <em>(chant) <\/em>avec l\u2019Oiseau Lyre, au <strong><mark style=\"background-color:rgba(0, 0, 0, 0);color:#997788\" class=\"has-inline-color\">Chapitre VI<\/mark><\/strong> \u2013 Templeuve (59310)<\/li>\n\n\n\n<li>7 avril 10h et 15h, <strong><span style=\"color:#f29898\" class=\"has-inline-color\">Signatures<\/span><\/strong> <em>(slam)<\/em> \u00e0 <strong><mark style=\"background-color:rgba(0, 0, 0, 0);color:#664455\" class=\"has-inline-color\"><strong><mark style=\"background-color:rgba(0, 0, 0, 0);color:#997788\" class=\"has-inline-color\">La Grange<\/mark><\/strong><\/mark><\/strong> \u2013 Orchies (59310)<\/li>\n\n\n\n<li>6 avril 15h, <strong><span style=\"color:#f29898\" class=\"has-inline-color\">Signatures<\/span><\/strong> <em>(slam)<\/em> \u00e0 <strong><mark style=\"background-color:rgba(0, 0, 0, 0);color:#664455\" class=\"has-inline-color\"><strong><mark style=\"background-color:rgba(0, 0, 0, 0);color:#997788\" class=\"has-inline-color\">La Grange<\/mark><\/strong><\/mark><\/strong> \u2013 Orchies (59310)<\/li>\n\n\n\n<li>5 avril 15h, <strong><span style=\"color:#f29898\" class=\"has-inline-color\">Signatures<\/span><\/strong> <em>(slam)<\/em> \u00e0 <strong><mark style=\"background-color:rgba(0, 0, 0, 0);color:#664455\" class=\"has-inline-color\"><strong><mark style=\"background-color:rgba(0, 0, 0, 0);color:#997788\" class=\"has-inline-color\">La Grange<\/mark><\/strong><\/mark><\/strong> \u2013 Orchies (59310)<\/li>\n\n\n\n<li>du 5 au 10 avril, <strong><span style=\"color:#a568e2\" class=\"has-inline-color\">Journ\u00e9es Europ\u00e9ennes des M\u00e9tiers d&rsquo;Art<\/span><\/strong> <em>(exposition + ateliers)<\/em> \u00e0 <strong><mark style=\"background-color:rgba(0, 0, 0, 0);color:#664455\" class=\"has-inline-color\"><strong><mark style=\"background-color:rgba(0, 0, 0, 0);color:#997788\" class=\"has-inline-color\">La Grange<\/mark><\/strong><\/mark><\/strong> \u2013 Orchies (59310)<\/li>\n\n\n\n<li>Tous les mercredis, samedis et dimanches, <strong><span style=\"color:#f29898\" class=\"has-inline-color\">Cont\u00e9es<\/span><\/strong> <em>(contes)<\/em> au <strong><mark style=\"background-color:rgba(0, 0, 0, 0);color:#664455\" class=\"has-inline-color\"><strong><mark style=\"background-color:rgba(0, 0, 0, 0);color:#997788\" class=\"has-inline-color\">Mus\u00e9e de Plein Air<\/mark><\/strong><\/mark><\/strong> \u2013 Villeneuve d&rsquo;Ascq (59650)<\/li>\n<\/ul>\n\n\n\n<h4 class=\"wp-block-heading\"><em>Mars<\/em><\/h4>\n\n\n\n<ul class=\"wp-block-list\">\n<li>15 mars 21h, <strong><span style=\"color:#f29898\" class=\"has-inline-color\">Le Chevalier G\u00e9rald<\/span><\/strong> <em>(conte)<\/em> \u00e0 <strong><mark style=\"background-color:rgba(0, 0, 0, 0);color:#997788\" class=\"has-inline-color\">Fais-Moi un Conte<\/mark><\/strong> \u2013 Surice, Belgique + <strong>Grand Prix du Jury<\/strong><\/li>\n<\/ul>\n\n\n\n<h4 class=\"wp-block-heading\"><em>F\u00e9vrier<\/em><\/h4>\n\n\n\n<ul class=\"wp-block-list\">\n<li>23 f\u00e9vrier 21h, <strong><span style=\"color:#f29898\" class=\"has-inline-color\">Lynx, conte am\u00e9ridien<\/span><\/strong> <em>(conte)<\/em> \u00e0 la <strong><mark style=\"background-color:rgba(0, 0, 0, 0);color:#997788\" class=\"has-inline-color\">SIVS<\/mark><\/strong> \u2013 Brillon (59178)<\/li>\n<\/ul>\n\n\n\n<h2 class=\"wp-block-heading\"><strong>2018<\/strong><\/h2>\n\n\n\n<h4 class=\"wp-block-heading\"><em>D\u00e9cembre<\/em><\/h4>\n\n\n\n<ul class=\"wp-block-list\">\n<li>du 24 d\u00e9cembre au 5 janvier, <strong><span style=\"color:#70a4ff\" class=\"has-inline-color\">D\u00e9fi #1nuit1poeme 2018-2019<\/span><\/strong> <em>(po\u00e9sie, slam)<\/em>, un po\u00e8me\/slam par jour durant les \u00ab\u00a0nuits saintes\u00a0\u00bb<\/li>\n\n\n\n<li>du 14 au 23 d\u00e9cembre, <strong><span style=\"color:#a568e2\" class=\"has-inline-color\">March\u00e9 de No\u00ebl<\/span><\/strong> <em>(exposition) <\/em>au <strong><mark style=\"background-color:rgba(0, 0, 0, 0);color:#997788\" class=\"has-inline-color\">Davo Arena<\/mark><\/strong> \u2013 Orchies (59310)<\/li>\n<\/ul>\n\n\n\n<h4 class=\"wp-block-heading\"><em>Octobre<\/em><\/h4>\n\n\n\n<ul class=\"wp-block-list\">\n<li>28 octobre 16h et 17h, <strong><span style=\"color:#f29898\" class=\"has-inline-color\">Contes sur la Nature<\/span><\/strong> <em>(contes)<\/em> au <strong><mark style=\"background-color:rgba(0, 0, 0, 0);color:#664455\" class=\"has-inline-color\"><strong><mark style=\"background-color:rgba(0, 0, 0, 0);color:#997788\" class=\"has-inline-color\">Mus\u00e9e de Plein Air<\/mark><\/strong><\/mark><\/strong> \u2013 Villeneuve d\u2019Ascq (59650)<\/li>\n\n\n\n<li>du 12 au 14 octobre, <strong><span style=\"color:#a568e2\" class=\"has-inline-color\">Portes Ouvertes des Ateliers d&rsquo;Artistes<\/span><\/strong> <em>(exposition) <\/em>\u00e0 <strong><mark style=\"background-color:rgba(0, 0, 0, 0);color:#664455\" class=\"has-inline-color\"><strong><mark style=\"background-color:rgba(0, 0, 0, 0);color:#997788\" class=\"has-inline-color\">La Grange<\/mark><\/strong><\/mark><\/strong> \u2013 Orchies (59310)<\/li>\n<\/ul>\n\n\n\n<h4 class=\"wp-block-heading\"><em>Septembre<\/em><\/h4>\n\n\n\n<ul class=\"wp-block-list\">\n<li>sortie des livres <strong><span class=\"has-inline-color has-pale-cyan-blue-color\">Kaya Dove 2<\/span><\/strong><em> (graphisme) <\/em>et <strong><span class=\"has-inline-color has-pale-cyan-blue-color\">R\u00e9v\u00e9lations sur l\u2019Amour<\/span><\/strong><em> (illustrations et graphisme) <\/em>aux <strong><mark style=\"background-color:rgba(0, 0, 0, 0);color:#664455\" class=\"has-inline-color\"><strong><mark style=\"background-color:rgba(0, 0, 0, 0);color:#997788\" class=\"has-inline-color\">\u00c9ditions Terre de Lumi\u00e8re<\/mark><\/strong><\/mark><\/strong><\/li>\n<\/ul>\n\n\n\n<h4 class=\"wp-block-heading\"><em>Ao\u00fbt<\/em><\/h4>\n\n\n\n<ul class=\"wp-block-list\">\n<li>6 ao\u00fbt 13h, <strong><span class=\"has-inline-color has-light-green-cyan-color\">Voyage m\u00e9ditatif<\/span><\/strong> <em>(atelier)<\/em> au <strong><mark style=\"background-color:rgba(0, 0, 0, 0);color:#997788\" class=\"has-inline-color\">Parc Mosa\u00efc<\/mark><\/strong> \u2013 Houplin-Ancoisne (59263)<\/li>\n<\/ul>\n\n\n\n<h4 class=\"wp-block-heading\"><em>Juin<\/em><\/h4>\n\n\n\n<ul class=\"wp-block-list\">\n<li>24 juin 15h, <strong><span class=\"has-inline-color has-light-green-cyan-color\">Voyage m\u00e9ditatif<\/span><\/strong> <em>(atelier)<\/em> au <strong><mark style=\"background-color:rgba(0, 0, 0, 0);color:#664455\" class=\"has-inline-color\"><strong><mark style=\"background-color:rgba(0, 0, 0, 0);color:#997788\" class=\"has-inline-color\">Mus\u00e9e de Plein Air<\/mark><\/strong><\/mark><\/strong> \u2013 Villeneuve d\u2019Ascq (59650)<\/li>\n\n\n\n<li>17 juin 16h et 17h, <strong><span style=\"color:#f29898\" class=\"has-inline-color\">Le Moulin Enchant\u00e9<\/span><\/strong> <em>(conte)<\/em> au <strong><mark style=\"background-color:rgba(0, 0, 0, 0);color:#664455\" class=\"has-inline-color\"><strong><mark style=\"background-color:rgba(0, 0, 0, 0);color:#997788\" class=\"has-inline-color\">Mus\u00e9e de Plein Air<\/mark><\/strong><\/mark><\/strong> \u2013 Villeneuve d\u2019Ascq (59650)<\/li>\n\n\n\n<li>9 juin 14h, 10 juin 10h30 et 18h30, <strong><span style=\"color:#f29898\" class=\"has-inline-color\">La Fabrik Coeurs \u00e0(c) Corps<\/span><\/strong> <em>(danse)<\/em> spectacle cr\u00e9\u00e9 par Manu Bacquart avec l\u2019Oiseau Lyre + <strong><span style=\"color:#f29898\" class=\"has-inline-color\">d\u00e9clamation texte<\/span><\/strong> solo, au <strong><mark style=\"background-color:rgba(0, 0, 0, 0);color:#664455\" class=\"has-inline-color\"><strong><mark style=\"background-color:rgba(0, 0, 0, 0);color:#997788\" class=\"has-inline-color\">Pacbo<\/mark><\/strong><\/mark><\/strong> \u2013 Orchies (59310)<\/li>\n\n\n\n<li>9 juin 17h30, <strong><span style=\"color:#f29898\" class=\"has-inline-color\">Silence, on tourne&nbsp;!<\/span> <\/strong>Concert en sc\u00e8ne partag\u00e9e <em>(chant)<\/em> avec l\u2019Oiseau Lyreau <strong><mark style=\"background-color:rgba(0, 0, 0, 0);color:#664455\" class=\"has-inline-color\"><strong><mark style=\"background-color:rgba(0, 0, 0, 0);color:#997788\" class=\"has-inline-color\">Pacbo<\/mark><\/strong><\/mark><\/strong> \u2013 Orchies (59310)<\/li>\n<\/ul>\n\n\n\n<h4 class=\"wp-block-heading\"><em>Mai<\/em><\/h4>\n\n\n\n<ul class=\"wp-block-list\">\n<li>du 20 au 27 mai, <strong><span style=\"color:#a568e2\" class=\"has-inline-color\">Salon artistique Jo\u00ebl Bart<\/span><\/strong> <em>(exposition)<\/em> <strong><strong><mark style=\"background-color:rgba(0, 0, 0, 0);color:#664455\" class=\"has-inline-color\"><strong><mark style=\"background-color:rgba(0, 0, 0, 0);color:#664455\" class=\"has-inline-color\"><strong><mark style=\"background-color:rgba(0, 0, 0, 0);color:#997788\" class=\"has-inline-color\">Mairie<\/mark><\/strong><\/mark><\/strong><\/mark><\/strong><\/strong> \u2013 Orchies (59310) + <strong>Prix des Artistes Douaisiens<\/strong> pour <em>Amazone<\/em><\/li>\n\n\n\n<li>21 mai, <strong><span class=\"has-inline-color has-light-green-cyan-color\">Une Aventure \u00d4 F\u00e9minin<\/span><\/strong> <em>(atelier)<\/em> au <strong><mark style=\"background-color:rgba(0, 0, 0, 0);color:#997788\" class=\"has-inline-color\">Festival Cr\u00e9atif Day<\/mark><\/strong> \u2013 Saint-Martin de Londres (34380)<\/li>\n\n\n\n<li>21 mai, <strong><span class=\"has-inline-color has-light-green-cyan-color\">Cr\u00e9ation d&rsquo;une histoire en groupe<\/span><\/strong> <em>(atelier)<\/em> au <strong><mark style=\"background-color:rgba(0, 0, 0, 0);color:#664455\" class=\"has-inline-color\"><strong><mark style=\"background-color:rgba(0, 0, 0, 0);color:#997788\" class=\"has-inline-color\">Festival Cr\u00e9atif Day<\/mark><\/strong><\/mark><\/strong> \u2013 Saint-Martin de Londres (34380)<\/li>\n\n\n\n<li>6 mai, <strong><span class=\"has-inline-color has-light-green-cyan-color\">Une Aventure \u00d4 F\u00e9minin<\/span><\/strong> <em>(atelier)<\/em> au <strong><mark style=\"background-color:rgba(0, 0, 0, 0);color:#997788\" class=\"has-inline-color\">Centre Terre &amp; Ciel<\/mark><\/strong> \u2013 Paris 13<sup>e<\/sup> (75013)<\/li>\n<\/ul>\n\n\n\n<h4 class=\"wp-block-heading\"><em>Avril<\/em><\/h4>\n\n\n\n<ul class=\"wp-block-list\">\n<li>29 avril 15h et 16h, <strong><span style=\"color:#f29898\" class=\"has-inline-color\">L\u2019Homme d\u2019Argile<\/span><\/strong> <em>(conte)<\/em> au <strong><mark style=\"background-color:rgba(0, 0, 0, 0);color:#664455\" class=\"has-inline-color\"><strong><mark style=\"background-color:rgba(0, 0, 0, 0);color:#997788\" class=\"has-inline-color\">Mus\u00e9e de Plein Air<\/mark><\/strong><\/mark><\/strong> \u2013 Villeneuve d\u2019Ascq (59650)<\/li>\n\n\n\n<li>26 avril 18h30, <strong><span style=\"color:#f29898\" class=\"has-inline-color\">F\u00eate d\u2019Apollon<\/span><\/strong><em>(conte, balade et po\u00e9sie)<\/em> au <strong><mark style=\"background-color:rgba(0, 0, 0, 0);color:#997788\" class=\"has-inline-color\">Parc de la Citadelle<\/mark><\/strong> \u2013 Lille (59000)<\/li>\n\n\n\n<li>14 avril, <strong><span style=\"color:#a568e2\" class=\"has-inline-color\">Journ\u00e9e Verte<\/span><\/strong> <em>(exposition)<\/em> \u2013 Lecelles (59226)<\/li>\n\n\n\n<li>du 6 au 8 avril, <strong><span style=\"color:#a568e2\" class=\"has-inline-color\">Journ\u00e9es Europ\u00e9ennes des M\u00e9tiers d&rsquo;Art<\/span><\/strong> <em>(exposition + ateliers)<\/em> \u00e0 <strong><mark style=\"background-color:rgba(0, 0, 0, 0);color:#664455\" class=\"has-inline-color\"><strong><mark style=\"background-color:rgba(0, 0, 0, 0);color:#997788\" class=\"has-inline-color\">La Grange<\/mark><\/strong><\/mark><\/strong> \u2013 Orchies (59310)<\/li>\n\n\n\n<li>sortie des livrets-CDs <span class=\"has-inline-color has-black-color\"><\/span><strong><span class=\"has-inline-color has-pale-cyan-blue-color\">Harmonisation Vitale<\/span><\/strong> et <strong><span class=\"has-inline-color has-pale-cyan-blue-color\">Purification chakras &amp; aura<\/span><\/strong><em> (graphisme) <\/em>aux <strong><mark style=\"background-color:rgba(0, 0, 0, 0);color:#664455\" class=\"has-inline-color\"><strong><mark style=\"background-color:rgba(0, 0, 0, 0);color:#997788\" class=\"has-inline-color\">\u00c9ditions Terre de Lumi\u00e8re<\/mark><\/strong><\/mark><\/strong><\/li>\n\n\n\n<li>Tous les mercredis 17h30, <strong><span class=\"has-inline-color has-light-green-cyan-color\">Atelier d&rsquo;\u00e9criture<\/span><\/strong> <em>(atelier) <\/em>au <strong><mark style=\"background-color:rgba(0, 0, 0, 0);color:#997788\" class=\"has-inline-color\">Mutualab<\/mark><\/strong> \u2013 Lille (59000)<\/li>\n<\/ul>\n\n\n\n<h4 class=\"wp-block-heading\"><em>Mars<\/em><\/h4>\n\n\n\n<ul class=\"wp-block-list\">\n<li>Tous les mardis 15h, <strong><span class=\"has-inline-color has-light-green-cyan-color\">Cr\u00e9ation et illustration d\u2019une histoire en groupe<\/span><\/strong><em> (atelier enfant)<\/em> \u00e0 <strong><mark style=\"background-color:rgba(0, 0, 0, 0);color:#664455\" class=\"has-inline-color\"><strong><mark style=\"background-color:rgba(0, 0, 0, 0);color:#997788\" class=\"has-inline-color\">La Grange<\/mark><\/strong><\/mark><\/strong> \u2013 Orchies (59310)<\/li>\n\n\n\n<li>Tous les mercredis 18h30, <strong><span class=\"has-inline-color has-light-green-cyan-color\">Atelier d&rsquo;\u00e9criture<\/span><\/strong> <em>(atelier) <\/em>au <strong><mark style=\"background-color:rgba(0, 0, 0, 0);color:#664455\" class=\"has-inline-color\"><strong><mark style=\"background-color:rgba(0, 0, 0, 0);color:#997788\" class=\"has-inline-color\">Mutualab<\/mark><\/strong><\/mark><\/strong> \u2013 Lille (59000)<\/li>\n\n\n\n<li><strong><span style=\"color:#70a4ff\" class=\"has-inline-color\">D\u00e9fi #Ma(r\/t)ch<\/span><\/strong> <em>(illustrations)<\/em>, un dessin de sportive\/sportif par jour pendant un mois<\/li>\n<\/ul>\n\n\n\n<h4 class=\"wp-block-heading\"><em>F\u00e9vrier<\/em><\/h4>\n\n\n\n<ul class=\"wp-block-list\">\n<li>2 f\u00e9vrier 16h30, <strong><span style=\"color:#f29898\" class=\"has-inline-color\">F\u00eate de Ste Brigit, Imbolc<\/span><\/strong><em> (conte, discussion et po\u00e9sie)<\/em> au <strong><mark style=\"background-color:rgba(0, 0, 0, 0);color:#997788\" class=\"has-inline-color\">Caf\u00e9 Olive<\/mark><\/strong> \u2013 Lille (59000)<\/li>\n\n\n\n<li>Tous les mardis 15h, <strong><span class=\"has-inline-color has-light-green-cyan-color\">Cr\u00e9ation et illustration d\u2019une histoire en groupe<\/span><\/strong><em> (atelier enfant)<\/em> \u00e0 <strong><mark style=\"background-color:rgba(0, 0, 0, 0);color:#664455\" class=\"has-inline-color\"><strong><mark style=\"background-color:rgba(0, 0, 0, 0);color:#997788\" class=\"has-inline-color\">La Grange<\/mark><\/strong><\/mark><\/strong> \u2013 Orchies (59310)<\/li>\n\n\n\n<li>Tous les mercredis 17h30, <strong><span class=\"has-inline-color has-light-green-cyan-color\">Atelier d&rsquo;\u00e9criture<\/span><\/strong> <em>(atelier) <\/em>au <strong><mark style=\"background-color:rgba(0, 0, 0, 0);color:#664455\" class=\"has-inline-color\"><strong><mark style=\"background-color:rgba(0, 0, 0, 0);color:#997788\" class=\"has-inline-color\">Mutualab<\/mark><\/strong><\/mark><\/strong> \u2013 Lille (59000)<\/li>\n\n\n\n<li><strong><span style=\"color:#70a4ff\" class=\"has-inline-color\">D\u00e9fi #Feetbruary<\/span><\/strong> <em>(illustrations)<\/em>, un dessin de pied par jour pendant un mois<\/li>\n<\/ul>\n\n\n\n<h4 class=\"wp-block-heading\"><em>Janvier<\/em><\/h4>\n\n\n\n<ul class=\"wp-block-list\">\n<li>27 janvier 19h, <strong><span style=\"color:#f29898\" class=\"has-inline-color\">Soir\u00e9e Rock<\/span> <\/strong>&#8211; concert en sc\u00e8ne partag\u00e9e <em>(chant)<\/em> avec l\u2019Oiseau Lyre au <strong><mark style=\"background-color:rgba(0, 0, 0, 0);color:#664455\" class=\"has-inline-color\"><strong><mark style=\"background-color:rgba(0, 0, 0, 0);color:#997788\" class=\"has-inline-color\">Pacbo<\/mark><\/strong><\/mark><\/strong> \u2013 Orchies (59310)<\/li>\n\n\n\n<li>Tous les mardis 15h, <strong><span class=\"has-inline-color has-light-green-cyan-color\">Cr\u00e9ation et illustration d\u2019une histoire en groupe<\/span><\/strong><em> <span class=\"has-inline-color has-light-green-cyan-color\"><\/span><span class=\"has-inline-color has-black-color\">(a<\/span>telier enfant)<\/em> \u00e0 <strong><mark style=\"background-color:rgba(0, 0, 0, 0);color:#664455\" class=\"has-inline-color\"><strong><mark style=\"background-color:rgba(0, 0, 0, 0);color:#997788\" class=\"has-inline-color\">La Grange<\/mark><\/strong><\/mark><\/strong> \u2013 Orchies (59310)<\/li>\n\n\n\n<li>Tous les mercredis 17h30, <strong><span class=\"has-inline-color has-light-green-cyan-color\">Atelier d&rsquo;\u00e9criture<\/span><\/strong> <em>(atelier) <\/em>au <strong><mark style=\"background-color:rgba(0, 0, 0, 0);color:#664455\" class=\"has-inline-color\"><strong><mark style=\"background-color:rgba(0, 0, 0, 0);color:#997788\" class=\"has-inline-color\">Mutualab<\/mark><\/strong><\/mark><\/strong> \u2013 Lille (59000)<\/li>\n<\/ul>\n\n\n\n<h2 class=\"wp-block-heading\"><strong>2017<\/strong><\/h2>\n\n\n\n<h4 class=\"wp-block-heading\"><em>D\u00e9cembre<\/em><\/h4>\n\n\n\n<ul class=\"wp-block-list\">\n<li>du 24 d\u00e9cembre au 5 janvier, <strong><span style=\"color:#70a4ff\" class=\"has-inline-color\">D\u00e9fi #1nuit1poeme 2017-2018<\/span><\/strong> <em>(po\u00e9sie, slam)<\/em>, un po\u00e8me\/slam par jour durant les \u00ab\u00a0nuits saintes\u00a0\u00bb<\/li>\n\n\n\n<li>Tous les mardis 15h, <strong><span class=\"has-inline-color has-light-green-cyan-color\">Cr\u00e9ation et illustration d\u2019une histoire en groupe<\/span><\/strong><em> (atelier enfant)<\/em> \u00e0 <strong><mark style=\"background-color:rgba(0, 0, 0, 0);color:#664455\" class=\"has-inline-color\"><strong><mark style=\"background-color:rgba(0, 0, 0, 0);color:#997788\" class=\"has-inline-color\">La Grange<\/mark><\/strong><\/mark><\/strong> \u2013 Orchies (59310)<\/li>\n<\/ul>\n\n\n\n<h4 class=\"wp-block-heading\"><em>Novembre<\/em><\/h4>\n\n\n\n<ul class=\"wp-block-list\">\n<li>17 novembre, <strong><span style=\"color:#f29898\" class=\"has-inline-color\">Festival des Solidarit\u00e9s<\/span><\/strong> <em>(danse + exposition)<\/em> au <strong><mark style=\"background-color:rgba(0, 0, 0, 0);color:#664455\" class=\"has-inline-color\"><strong><mark style=\"background-color:rgba(0, 0, 0, 0);color:#997788\" class=\"has-inline-color\">Pacbo<\/mark><\/strong><\/mark><\/strong> \u2013 Orchies (59310)<\/li>\n\n\n\n<li>Tous les mardis 15h, <strong><span class=\"has-inline-color has-light-green-cyan-color\">Cr\u00e9ation et illustration d\u2019une histoire en groupe<\/span><\/strong><em> (atelier enfant)<\/em> \u00e0 <strong><mark style=\"background-color:rgba(0, 0, 0, 0);color:#664455\" class=\"has-inline-color\"><strong><mark style=\"background-color:rgba(0, 0, 0, 0);color:#997788\" class=\"has-inline-color\">La Grange<\/mark><\/strong><\/mark><\/strong> \u2013 Orchies (59310)<\/li>\n<\/ul>\n\n\n\n<h4 class=\"wp-block-heading\"><em>Octobre<\/em><\/h4>\n\n\n\n<ul class=\"wp-block-list\">\n<li>du 12 au 15 octobre, <strong><span style=\"color:#a568e2\" class=\"has-inline-color\">Portes Ouvertes des Ateliers d&rsquo;Artistes<\/span><\/strong> <em>(exposition) <\/em>\u00e0 <strong><mark style=\"background-color:rgba(0, 0, 0, 0);color:#664455\" class=\"has-inline-color\"><strong><mark style=\"background-color:rgba(0, 0, 0, 0);color:#997788\" class=\"has-inline-color\">La Grange<\/mark><\/strong><\/mark><\/strong> \u2013 Orchies (59310)<\/li>\n\n\n\n<li>Tous les mardis 15h, <strong><span class=\"has-inline-color has-light-green-cyan-color\">Cr\u00e9ation et illustration d\u2019une histoire en groupe<\/span><\/strong><em> (atelier enfant)<\/em> \u00e0 <strong><mark style=\"background-color:rgba(0, 0, 0, 0);color:#664455\" class=\"has-inline-color\"><strong><mark style=\"background-color:rgba(0, 0, 0, 0);color:#997788\" class=\"has-inline-color\">La Grange<\/mark><\/strong><\/mark><\/strong> \u2013 Orchies (59310)<\/li>\n<\/ul>\n\n\n\n<h4 class=\"wp-block-heading\"><em>Septembre<\/em><\/h4>\n\n\n\n<ul class=\"wp-block-list\">\n<li>24 septembre 15h, <strong><span style=\"color:#f29898\" class=\"has-inline-color\">F\u00eate de Pers\u00e9phone<\/span><\/strong> <em>(contes)<\/em> au <strong><mark style=\"background-color:rgba(0, 0, 0, 0);color:#997788\" class=\"has-inline-color\">Jardin Vauban<\/mark><\/strong> \u2013 Lille (59000)<\/li>\n\n\n\n<li>18 septembre 13h, <strong><span style=\"color:#f29898\" class=\"has-inline-color\">Balade cont\u00e9e<\/span><\/strong> <em>(contes et balade)<\/em> pour le CHRS Capharna\u00fcm \u2013 <strong><mark style=\"background-color:rgba(0, 0, 0, 0);color:#997788\" class=\"has-inline-color\">For\u00eat de Marchiennes<\/mark><\/strong> (59870)<\/li>\n\n\n\n<li>16 septembre 18h, <strong><span style=\"color:#f29898\" class=\"has-inline-color\">Cont\u00e9e<\/span><\/strong> <em>(contes)<\/em> au <strong><mark style=\"background-color:rgba(0, 0, 0, 0);color:#664455\" class=\"has-inline-color\"><strong><mark style=\"background-color:rgba(0, 0, 0, 0);color:#997788\" class=\"has-inline-color\">Mutualab<\/mark><\/strong><\/mark><\/strong> \u2013 Lille (59000)<\/li>\n\n\n\n<li>sortie des livrets-CDs <strong><span class=\"has-inline-color has-pale-cyan-blue-color\">L\u2019Ouverture du C\u0153ur<\/span><\/strong> et <strong><span class=\"has-inline-color has-pale-cyan-blue-color\">L\u2019Esprit H\u00e9ro\u00efque<\/span><\/strong> <em>(graphisme) <\/em>aux <strong><mark style=\"background-color:rgba(0, 0, 0, 0);color:#664455\" class=\"has-inline-color\"><strong><mark style=\"background-color:rgba(0, 0, 0, 0);color:#997788\" class=\"has-inline-color\">\u00c9ditions Terre de Lumi\u00e8re<\/mark><\/strong><\/mark><\/strong><\/li>\n\n\n\n<li>Tous les mardis 15h, <strong><span class=\"has-inline-color has-light-green-cyan-color\">Cr\u00e9ation et illustration d\u2019une histoire en groupe<\/span><\/strong><em> (atelier enfant)<\/em> \u00e0 <strong><mark style=\"background-color:rgba(0, 0, 0, 0);color:#664455\" class=\"has-inline-color\"><strong><mark style=\"background-color:rgba(0, 0, 0, 0);color:#997788\" class=\"has-inline-color\">La Grange<\/mark><\/strong><\/mark><\/strong> \u2013 Orchies (59310)<\/li>\n<\/ul>\n\n\n\n<h4 class=\"wp-block-heading\"><em>Juin<\/em><\/h4>\n\n\n\n<ul class=\"wp-block-list\">\n<li>30 juin 19h, <strong><span style=\"color:#f29898\" class=\"has-inline-color\">Veill\u00e9e d&rsquo;\u00e9t\u00e9 cont\u00e9e<\/span><\/strong> <em>(contes) <\/em>au <strong><mark style=\"background-color:rgba(0, 0, 0, 0);color:#997788\" class=\"has-inline-color\">Parc de la Citadelle<\/mark><\/strong> \u2013 Lille (59000)<\/li>\n\n\n\n<li>23 juin 18h30, <strong><span style=\"color:#f29898\" class=\"has-inline-color\">Le Coq<\/span><\/strong> <em>(conte)<\/em> \u00e0 la <strong><mark style=\"background-color:rgba(0, 0, 0, 0);color:#997788\" class=\"has-inline-color\">Soir\u00e9e Contes au Courlieu<\/mark><\/strong> \u2013 Court-St-Etienne (1490), Belgique<\/li>\n\n\n\n<li>21 juin, <strong><span style=\"color:#70a4ff\" class=\"has-inline-color\">Aux Premi\u00e8res Lueurs de l\u2019\u00c9t\u00e9<\/span><\/strong> <em>(po\u00e8me\/slam)<\/em><\/li>\n\n\n\n<li>10 juin 20h30, avant-premi\u00e8re de <strong><span style=\"color:#70a4ff\" class=\"has-inline-color\">Surprise&nbsp;!<\/span><\/strong> <em>(cin\u00e9ma)<\/em>, court-m\u00e9trage muet de Louise Hurtel \u00e0 <strong><mark style=\"background-color:rgba(0, 0, 0, 0);color:#997788\" class=\"has-inline-color\">L\u2019Univers<\/mark><\/strong> \u2013 Lille (59000)<\/li>\n\n\n\n<li>3 juin 30h30, 4 juin 15h, 5 juin 14h, <strong><span style=\"color:#f29898\" class=\"has-inline-color\">Issues de Secours<\/span><\/strong><em> (danse) <\/em>spectacle cr\u00e9\u00e9 par Manu Bacquart avec l\u2019Oiseau Lyre, au <strong><mark style=\"background-color:rgba(0, 0, 0, 0);color:#664455\" class=\"has-inline-color\"><strong><mark style=\"background-color:rgba(0, 0, 0, 0);color:#997788\" class=\"has-inline-color\">Pacbo<\/mark><\/strong><\/mark><\/strong> \u2013 Orchies (59310)<\/li>\n\n\n\n<li>Tous les vendredis 15h, <strong><span class=\"has-inline-color has-light-green-cyan-color\">Atelier artistique<\/span><\/strong><em> (atelier enfant) <\/em>\u00e0 la <strong><mark style=\"background-color:rgba(0, 0, 0, 0);color:#997788\" class=\"has-inline-color\">MVA<\/mark><\/strong> \u2013 Orchies (59310)<\/li>\n<\/ul>\n\n\n\n<h4 class=\"wp-block-heading\"><em>Mai<\/em><\/h4>\n\n\n\n<ul class=\"wp-block-list\">\n<li>du 30 mai au 6 juin, <strong><mark style=\"background-color:rgba(0, 0, 0, 0);color:#a568e2\" class=\"has-inline-color\">Salon artistique Jo\u00ebl Bart<\/mark><\/strong> <em>(exposition)<\/em> <strong><mark style=\"background-color:rgba(0, 0, 0, 0);color:#664455\" class=\"has-inline-color\"><strong><mark style=\"background-color:rgba(0, 0, 0, 0);color:#664455\" class=\"has-inline-color\"><strong><mark style=\"background-color:rgba(0, 0, 0, 0);color:#997788\" class=\"has-inline-color\">Mairie<\/mark><\/strong><\/mark><\/strong><\/mark><\/strong> \u2013 Orchies (59310)<\/li>\n\n\n\n<li>du 25 mai au 4 juin, <strong><mark style=\"background-color:rgba(0, 0, 0, 0);color:#a568e2\" class=\"has-inline-color\">Issues de Secours<\/mark><\/strong> <em>(exposition)<\/em> au <strong><mark style=\"background-color:rgba(0, 0, 0, 0);color:#664455\" class=\"has-inline-color\"><strong><mark style=\"background-color:rgba(0, 0, 0, 0);color:#997788\" class=\"has-inline-color\">Pacbo<\/mark><\/strong><\/mark><\/strong> \u2013 Orchies (59310)<\/li>\n\n\n\n<li>20 mai 20h30 et 21 mai \u00e0 16h30, <strong><mark style=\"background-color:rgba(0, 0, 0, 0);color:#f29898\" class=\"has-inline-color\">Et si quelque chose pouvait devenir quelqu\u2019un&nbsp;?<\/mark><\/strong> <em>(chant, danse, participation au sc\u00e9nario)<\/em> spectacle cr\u00e9\u00e9 par l&rsquo;Oiseau Lyre au <strong><mark style=\"background-color:rgba(0, 0, 0, 0);color:#664455\" class=\"has-inline-color\"><strong><mark style=\"background-color:rgba(0, 0, 0, 0);color:#997788\" class=\"has-inline-color\">Pacbo<\/mark><\/strong><\/mark><\/strong> \u2013 Orchies (59310)<\/li>\n\n\n\n<li>20 mai 16h, <strong><mark style=\"background-color:rgba(0, 0, 0, 0)\" class=\"has-inline-color has-light-green-cyan-color\">\u00c0 qui ai-je l\u2019honneur&nbsp;?<\/mark><\/strong> <em>(conte et jeu)<\/em> \u00e0 la F\u00eate de la Nature, <strong><mark style=\"background-color:rgba(0, 0, 0, 0);color:#664455\" class=\"has-inline-color\"><strong><mark style=\"background-color:rgba(0, 0, 0, 0);color:#664455\" class=\"has-inline-color\"><strong><mark style=\"background-color:rgba(0, 0, 0, 0);color:#997788\" class=\"has-inline-color\">Parc de la Citadelle<\/mark><\/strong><\/mark><\/strong><\/mark><\/strong> \u2013 Lille (59000)<\/li>\n\n\n\n<li>13 mai, sortie des livres <mark style=\"background-color:rgba(0, 0, 0, 0)\" class=\"has-inline-color has-black-color\"><\/mark><strong><mark style=\"background-color:rgba(0, 0, 0, 0)\" class=\"has-inline-color has-pale-cyan-blue-color\">L\u2019Habitat Cr\u00e9atif<\/mark><\/strong><em> (graphisme)<\/em> et <strong><mark style=\"background-color:rgba(0, 0, 0, 0)\" class=\"has-inline-color has-pale-cyan-blue-color\">365 Inspirations d\u2019Amour<\/mark><\/strong> <em>(illustration et graphisme) <\/em>aux <strong><mark style=\"background-color:rgba(0, 0, 0, 0);color:#664455\" class=\"has-inline-color\"><strong><mark style=\"background-color:rgba(0, 0, 0, 0);color:#997788\" class=\"has-inline-color\">\u00c9ditions Terre de Lumi\u00e8re<\/mark><\/strong><\/mark><\/strong><\/li>\n\n\n\n<li>Tous les vendredis 15h, <strong><mark style=\"background-color:rgba(0, 0, 0, 0)\" class=\"has-inline-color has-light-green-cyan-color\">Atelier artistique<\/mark><\/strong><em> (atelier enfant) <\/em>\u00e0 la <strong><mark style=\"background-color:rgba(0, 0, 0, 0);color:#664455\" class=\"has-inline-color\"><strong><mark style=\"background-color:rgba(0, 0, 0, 0);color:#997788\" class=\"has-inline-color\">MVA<\/mark><\/strong><\/mark><\/strong> \u2013 Orchies (59310)<\/li>\n<\/ul>\n\n\n\n<h4 class=\"wp-block-heading\"><em>Avril<\/em><\/h4>\n\n\n\n<ul class=\"wp-block-list\">\n<li>9 avril 15h, <strong><span class=\"has-inline-color has-light-green-cyan-color\">\u00c9coutons la Nature<\/span><\/strong> <em>(contes + atelier) <\/em>au <strong><mark style=\"background-color:rgba(0, 0, 0, 0);color:#664455\" class=\"has-inline-color\"><strong><mark style=\"background-color:rgba(0, 0, 0, 0);color:#997788\" class=\"has-inline-color\">Parc de la Citadelle<\/mark><\/strong><\/mark><\/strong> \u2013 Lille (59000)<\/li>\n\n\n\n<li>Tous les vendredis 15h, <strong><span class=\"has-inline-color has-light-green-cyan-color\">Atelier artistique<\/span><\/strong><em> (atelier enfant) <\/em>\u00e0 la <strong><mark style=\"background-color:rgba(0, 0, 0, 0);color:#664455\" class=\"has-inline-color\"><strong><mark style=\"background-color:rgba(0, 0, 0, 0);color:#997788\" class=\"has-inline-color\">MVA<\/mark><\/strong><\/mark><\/strong> \u2013 Orchies (59310)<\/li>\n<\/ul>\n\n\n\n<h4 class=\"wp-block-heading\"><em>Mars<\/em><\/h4>\n\n\n\n<ul class=\"wp-block-list\">\n<li>du 31 mars au 2 avril, <strong><span style=\"color:#a568e2\" class=\"has-inline-color\">Journ\u00e9es Europ\u00e9ennes des M\u00e9tiers d&rsquo;Art<\/span><\/strong> <em>(exposition + ateliers)<\/em> \u00e0 <strong><mark style=\"background-color:rgba(0, 0, 0, 0);color:#664455\" class=\"has-inline-color\"><strong><mark style=\"background-color:rgba(0, 0, 0, 0);color:#997788\" class=\"has-inline-color\">La Grange<\/mark><\/strong><\/mark><\/strong> \u2013 Orchies (59310)<\/li>\n\n\n\n<li>5 mars 11h30, <strong><span class=\"has-inline-color has-light-green-cyan-color\">Racontons la For\u00eat\u2026 en se baladant<\/span><\/strong> <em>(contes + atelier)<\/em> \u2013 <strong><mark style=\"background-color:rgba(0, 0, 0, 0);color:#664455\" class=\"has-inline-color\"><strong><mark style=\"background-color:rgba(0, 0, 0, 0);color:#997788\" class=\"has-inline-color\">For\u00eat de Marchiennes<\/mark><\/strong><\/mark><\/strong> (59870)<\/li>\n\n\n\n<li>Tous les vendredis 15h, <strong><span class=\"has-inline-color has-light-green-cyan-color\">Atelier artistique<\/span><\/strong><em> (atelier enfant) <\/em>\u00e0 la <strong><mark style=\"background-color:rgba(0, 0, 0, 0);color:#664455\" class=\"has-inline-color\"><strong><mark style=\"background-color:rgba(0, 0, 0, 0);color:#997788\" class=\"has-inline-color\">MVA<\/mark><\/strong><\/mark><\/strong> \u2013 Orchies (59310)<\/li>\n<\/ul>\n\n\n\n<h4 class=\"wp-block-heading\"><em>F\u00e9vrier<\/em><\/h4>\n\n\n\n<ul class=\"wp-block-list\">\n<li>26 f\u00e9vrier 16h, <strong><span class=\"has-inline-color has-light-green-cyan-color\">Un Moment pour Soi<\/span><\/strong> <em>(conte + atelier) <\/em>au <strong><mark style=\"background-color:rgba(0, 0, 0, 0);color:#664455\" class=\"has-inline-color\"><strong><mark style=\"background-color:rgba(0, 0, 0, 0);color:#997788\" class=\"has-inline-color\">Parc de la Citadelle<\/mark><\/strong><\/mark><\/strong> \u2013 Lille (59000)<\/li>\n\n\n\n<li>12 f\u00e9vrier 11h30, <strong><span class=\"has-inline-color has-light-green-cyan-color\">Racontons la For\u00eat\u2026 en se baladant<\/span><\/strong> <em>(contes + atelier)<\/em> \u2013 <strong><mark style=\"background-color:rgba(0, 0, 0, 0);color:#664455\" class=\"has-inline-color\"><strong><mark style=\"background-color:rgba(0, 0, 0, 0);color:#997788\" class=\"has-inline-color\">For\u00eat de Marchiennes<\/mark><\/strong><\/mark><\/strong> (59870)<\/li>\n\n\n\n<li>Tous les vendredis 15h, <strong><span class=\"has-inline-color has-light-green-cyan-color\">Atelier artistique<\/span><\/strong><em> (atelier enfant) <\/em>\u00e0 la <strong><mark style=\"background-color:rgba(0, 0, 0, 0);color:#664455\" class=\"has-inline-color\"><strong><mark style=\"background-color:rgba(0, 0, 0, 0);color:#997788\" class=\"has-inline-color\">MVA<\/mark><\/strong><\/mark><\/strong> \u2013 Orchies (59310)<\/li>\n<\/ul>\n\n\n\n<h4 class=\"wp-block-heading\"><em>Janvier<\/em><\/h4>\n\n\n\n<ul class=\"wp-block-list\">\n<li>Tous les vendredis 15h, <strong><span class=\"has-inline-color has-light-green-cyan-color\">Atelier artistique<\/span><\/strong><em> (atelier enfant) <\/em>\u00e0 la <strong><mark style=\"background-color:rgba(0, 0, 0, 0);color:#664455\" class=\"has-inline-color\"><strong><mark style=\"background-color:rgba(0, 0, 0, 0);color:#997788\" class=\"has-inline-color\">MVA<\/mark><\/strong><\/mark><\/strong> \u2013 Orchies (59310)<\/li>\n<\/ul>\n\n\n\n<h2 class=\"wp-block-heading\"><strong>2016<\/strong><\/h2>\n\n\n\n<h4 class=\"wp-block-heading\"><em>D\u00e9cembre<\/em><\/h4>\n\n\n\n<ul class=\"wp-block-list\">\n<li>22 d\u00e9cembre 19h, <strong><span style=\"color:#f29898\" class=\"has-inline-color\">Chants de rue<\/span><\/strong> <em>(chant)<\/em> sur la <strong><mark style=\"background-color:rgba(0, 0, 0, 0);color:#997788\" class=\"has-inline-color\">Grand\u2019Place<\/mark><\/strong> \u2013 Lille (59000)<\/li>\n\n\n\n<li>3 et 4 d\u00e9cembre, <strong><span style=\"color:#a568e2\" class=\"has-inline-color\">Le No\u00ebl d&rsquo;ArTribu<\/span><\/strong> <em>(march\u00e9 de cr\u00e9ateur) <\/em>+<em> <\/em><strong><span class=\"has-inline-color has-light-green-cyan-color\">Atelier cr\u00e9ation de livre magique<\/span><\/strong><em>(atelier) <\/em>\u00e0 <strong><mark style=\"background-color:rgba(0, 0, 0, 0);color:#664455\" class=\"has-inline-color\"><strong><mark style=\"background-color:rgba(0, 0, 0, 0);color:#997788\" class=\"has-inline-color\">La Grange<\/mark><\/strong><\/mark><\/strong> \u2013 Orchies (59310)<\/li>\n\n\n\n<li>1<sup>er <\/sup>d\u00e9cembre, <strong><mark style=\"background-color:rgba(0, 0, 0, 0);color:#e051d0\" class=\"has-inline-color\">Vitrine d&rsquo;hiver \u00ab\u00a0Ceci n&rsquo;est pas une vitrine de No\u00ebl\u00a0\u00bb<\/mark><\/strong> <em>(installation)<\/em> au <strong><mark style=\"background-color:rgba(0, 0, 0, 0);color:#997788\" class=\"has-inline-color\">Bateau Livre<\/mark><\/strong>, Librairie ind\u00e9pendante sur Lille (59000)<\/li>\n\n\n\n<li>Tous les vendredis 15h, <strong><span class=\"has-inline-color has-light-green-cyan-color\">Atelier artistique<\/span><\/strong><em> (atelier enfant) <\/em>\u00e0 la <strong><mark style=\"background-color:rgba(0, 0, 0, 0);color:#664455\" class=\"has-inline-color\"><strong><mark style=\"background-color:rgba(0, 0, 0, 0);color:#997788\" class=\"has-inline-color\">MVA<\/mark><\/strong><\/mark><\/strong> \u2013 Orchies (59310)<\/li>\n<\/ul>\n\n\n\n<h4 class=\"wp-block-heading\"><em>Novembre<\/em><\/h4>\n\n\n\n<ul class=\"wp-block-list\">\n<li>20 novembre 11h30, <strong><span style=\"color:#f29898\" class=\"has-inline-color\">Balade cont\u00e9e<\/span><\/strong> <em>(contes + balade)<\/em> \u2013 <strong><mark style=\"background-color:rgba(0, 0, 0, 0);color:#664455\" class=\"has-inline-color\"><strong><mark style=\"background-color:rgba(0, 0, 0, 0);color:#997788\" class=\"has-inline-color\">For\u00eat de Marchiennes<\/mark><\/strong><\/mark><\/strong> (59870)<\/li>\n\n\n\n<li>Tous les vendredis 15h, <strong><span class=\"has-inline-color has-light-green-cyan-color\">Atelier artistique<\/span><\/strong><em> (atelier enfant) <\/em>\u00e0 la <strong><mark style=\"background-color:rgba(0, 0, 0, 0);color:#664455\" class=\"has-inline-color\"><strong><mark style=\"background-color:rgba(0, 0, 0, 0);color:#997788\" class=\"has-inline-color\">MVA<\/mark><\/strong><\/mark><\/strong> \u2013 Orchies (59310)<\/li>\n<\/ul>\n\n\n\n<h4 class=\"wp-block-heading\"><em>Octobre<\/em><\/h4>\n\n\n\n<ul class=\"wp-block-list\">\n<li>16 octobre 10h30, <strong><span style=\"color:#f29898\" class=\"has-inline-color\">Balade cont\u00e9e<\/span><\/strong> <em>(contes + balade)<\/em> \u2013 <strong><mark style=\"background-color:rgba(0, 0, 0, 0);color:#664455\" class=\"has-inline-color\"><strong><mark style=\"background-color:rgba(0, 0, 0, 0);color:#997788\" class=\"has-inline-color\">For\u00eat de Marchiennes<\/mark><\/strong><\/mark><\/strong> (59870)<\/li>\n\n\n\n<li>Tous les vendredis 15h, <strong><span class=\"has-inline-color has-light-green-cyan-color\">Atelier artistique<\/span><\/strong><em> (atelier enfant) <\/em>\u00e0 la <strong><mark style=\"background-color:rgba(0, 0, 0, 0);color:#664455\" class=\"has-inline-color\"><strong><mark style=\"background-color:rgba(0, 0, 0, 0);color:#997788\" class=\"has-inline-color\">MVA<\/mark><\/strong><\/mark><\/strong> \u2013 Orchies (59310)<\/li>\n<\/ul>\n\n\n\n<h4 class=\"wp-block-heading\"><em>Septembre<\/em><\/h4>\n\n\n\n<ul class=\"wp-block-list\">\n<li>du 30 septembre au 2 octobre, <strong><span style=\"color:#a568e2\" class=\"has-inline-color\">Portes Ouvertes des Ateliers d&rsquo;Artistes<\/span><\/strong> <em>(exposition) <\/em>\u00e0 <strong><mark style=\"background-color:rgba(0, 0, 0, 0);color:#664455\" class=\"has-inline-color\"><strong><mark style=\"background-color:rgba(0, 0, 0, 0);color:#997788\" class=\"has-inline-color\">La Grange<\/mark><\/strong><\/mark><\/strong> \u2013 Orchies (59310)<\/li>\n\n\n\n<li>11 septembre 10h30, <strong><span style=\"color:#f29898\" class=\"has-inline-color\">Balade cont\u00e9e<\/span><\/strong> <em>(contes + balade)<\/em> \u2013 <strong><mark style=\"background-color:rgba(0, 0, 0, 0);color:#664455\" class=\"has-inline-color\"><strong><mark style=\"background-color:rgba(0, 0, 0, 0);color:#997788\" class=\"has-inline-color\">For\u00eat de Marchiennes<\/mark><\/strong><\/mark><\/strong> (59870)<\/li>\n\n\n\n<li>sortie des livres <strong><span class=\"has-inline-color has-pale-cyan-blue-color\">Kaya Dove 1<\/span> <\/strong>et <strong><span class=\"has-inline-color has-pale-cyan-blue-color\">Le Sentier des Superh\u00e9ros<\/span><\/strong><em> (graphisme) <\/em>aux <strong><mark style=\"background-color:rgba(0, 0, 0, 0);color:#664455\" class=\"has-inline-color\"><strong><mark style=\"background-color:rgba(0, 0, 0, 0);color:#997788\" class=\"has-inline-color\">\u00c9ditions Terre de Lumi\u00e8re<\/mark><\/strong><\/mark><\/strong><\/li>\n\n\n\n<li>Tous les vendredis 15h, <strong><span class=\"has-inline-color has-light-green-cyan-color\">Atelier artistique<\/span><\/strong><em> (atelier enfant) <\/em>\u00e0 la <strong><mark style=\"background-color:rgba(0, 0, 0, 0);color:#664455\" class=\"has-inline-color\"><strong><mark style=\"background-color:rgba(0, 0, 0, 0);color:#997788\" class=\"has-inline-color\">MVA<\/mark><\/strong><\/mark><\/strong> \u2013 Orchies (59310)<\/li>\n<\/ul>\n\n\n\n<h4 class=\"wp-block-heading\"><em>Ao\u00fbt<\/em><\/h4>\n\n\n\n<ul class=\"wp-block-list\">\n<li>15 ao\u00fbt 15h, <strong><span style=\"color:#f29898\" class=\"has-inline-color\">Balade cont\u00e9e<\/span><\/strong> <em>(contes + balade)<\/em> \u2013 <strong><mark style=\"background-color:rgba(0, 0, 0, 0);color:#664455\" class=\"has-inline-color\"><strong><mark style=\"background-color:rgba(0, 0, 0, 0);color:#997788\" class=\"has-inline-color\">For\u00eat de Marchiennes<\/mark><\/strong><\/mark><\/strong> (59870)<\/li>\n<\/ul>\n\n\n\n<h4 class=\"wp-block-heading\"><em>Juillet<\/em><\/h4>\n\n\n\n<ul class=\"wp-block-list\">\n<li>23 juillet 10h30, <strong><span style=\"color:#f29898\" class=\"has-inline-color\">Balade cont\u00e9e<\/span><\/strong> <em>(contes + balade)<\/em> \u2013 <strong><mark style=\"background-color:rgba(0, 0, 0, 0);color:#664455\" class=\"has-inline-color\"><strong><mark style=\"background-color:rgba(0, 0, 0, 0);color:#997788\" class=\"has-inline-color\">For\u00eat de Marchiennes<\/mark><\/strong><\/mark><\/strong> (59870)<\/li>\n<\/ul>\n\n\n\n<h4 class=\"wp-block-heading\"><em>Juin<\/em><\/h4>\n\n\n\n<ul class=\"wp-block-list\">\n<li>20 juin, <strong><span style=\"color:#a568e2\" class=\"has-inline-color\">Exposition d&rsquo;illustrations et de mises en page<\/span><\/strong> \u00e0 <strong><mark style=\"background-color:rgba(0, 0, 0, 0);color:#997788\" class=\"has-inline-color\">Amigraf<\/mark><\/strong> <em>(exposition)<\/em> \u2013 Lille (59000)<\/li>\n\n\n\n<li>4 juin 20h30 et 5 juin 16h, <strong><span style=\"color:#f29898\" class=\"has-inline-color\">Ce n&rsquo;est pas parce que c&rsquo;est invent\u00e9 que \u00e7a n&rsquo;existe pas<\/span> <\/strong><em>(chant, danse) <\/em>spectacle cr\u00e9\u00e9 par l\u2019Oiseau Lyre, au <strong><mark style=\"background-color:rgba(0, 0, 0, 0);color:#664455\" class=\"has-inline-color\"><strong><mark style=\"background-color:rgba(0, 0, 0, 0);color:#664455\" class=\"has-inline-color\"><strong><mark style=\"background-color:rgba(0, 0, 0, 0);color:#997788\" class=\"has-inline-color\">Pacbo<\/mark><\/strong><\/mark><\/strong><\/mark><\/strong> \u2013 Orchies (59310)<\/li>\n<\/ul>\n\n\n\n<h4 class=\"wp-block-heading\"><em>Mai<\/em><\/h4>\n\n\n\n<ul class=\"wp-block-list\">\n<li>14 mai 20h, 15 mai 15h et 16 mai 14h30, <strong><span style=\"color:#f29898\" class=\"has-inline-color\">\u00c9tats de si\u00e8ge, des \u00e9tats d\u2019Amour en Corps<\/span><\/strong> <em>(danse, pantomine) <\/em>spectacle cr\u00e9\u00e9 par Manu Bacquart avec l\u2019Oiseau Lyre, au <strong><mark style=\"background-color:rgba(0, 0, 0, 0);color:#664455\" class=\"has-inline-color\"><strong><mark style=\"background-color:rgba(0, 0, 0, 0);color:#664455\" class=\"has-inline-color\"><strong><mark style=\"background-color:rgba(0, 0, 0, 0);color:#997788\" class=\"has-inline-color\">Pacbo<\/mark><\/strong><\/mark><\/strong><\/mark><\/strong> \u2013 Orchies (59310)<\/li>\n\n\n\n<li>du 5 au 16 mai, <strong><span style=\"color:#a568e2\" class=\"has-inline-color\">Salon artistique Jo\u00ebl Bart<\/span><\/strong> <em>(exposition)<\/em> <strong><mark style=\"background-color:rgba(0, 0, 0, 0);color:#664455\" class=\"has-inline-color\"><strong><mark style=\"background-color:rgba(0, 0, 0, 0);color:#664455\" class=\"has-inline-color\"><strong><mark style=\"background-color:rgba(0, 0, 0, 0);color:#997788\" class=\"has-inline-color\">Mairie<\/mark><\/strong><\/mark><\/strong><\/mark><\/strong> \u2013 Orchies (59310) + <strong>Prix d&rsquo;honneur<\/strong> pour <em>L&rsquo;Homme \u00e0 T\u00eate de Lune<\/em> et <em>Balade en For\u00eat #1<\/em><\/li>\n<\/ul>\n\n\n\n<h4 class=\"wp-block-heading\"><em>Janvier<\/em><\/h4>\n\n\n\n<ul class=\"wp-block-list\">\n<li>21 janvier, <strong>Ouverture de la boutique Society 6<\/strong> <em>(boutique)<\/em> \u2013 <mark style=\"background-color:rgba(0, 0, 0, 0);color:#664455\" class=\"has-inline-color\"><strong><strong><mark style=\"background-color:rgba(0, 0, 0, 0);color:#997788\" class=\"has-inline-color\">Internet<\/mark><\/strong><\/strong><\/mark><\/li>\n<\/ul>\n\n\n\n<h2 class=\"wp-block-heading\"><strong>2015<\/strong><\/h2>\n\n\n\n<h4 class=\"wp-block-heading\"><em>Novembre<\/em><\/h4>\n\n\n\n<ul class=\"wp-block-list\">\n<li>du 14 au 24 novembre, <strong><span style=\"color:#a568e2\" class=\"has-inline-color\">Arbres<\/span><\/strong> <em>(exposition et danse)<\/em>, au <strong><mark style=\"background-color:rgba(0, 0, 0, 0);color:#664455\" class=\"has-inline-color\"><strong><mark style=\"background-color:rgba(0, 0, 0, 0);color:#664455\" class=\"has-inline-color\"><strong><mark style=\"background-color:rgba(0, 0, 0, 0);color:#997788\" class=\"has-inline-color\">Pacbo<\/mark><\/strong><\/mark><\/strong><\/mark><\/strong> et \u00e0 la <strong><mark style=\"background-color:rgba(0, 0, 0, 0);color:#664455\" class=\"has-inline-color\"><strong><mark style=\"background-color:rgba(0, 0, 0, 0);color:#664455\" class=\"has-inline-color\"><strong><mark style=\"background-color:rgba(0, 0, 0, 0);color:#997788\" class=\"has-inline-color\">Mairie<\/mark><\/strong><\/mark><\/strong><\/mark><\/strong> \u2013 Orchies (59310)<\/li>\n<\/ul>\n\n\n\n<h4 class=\"wp-block-heading\"><em>Ao\u00fbt<\/em><\/h4>\n\n\n\n<ul class=\"wp-block-list\">\n<li>15 ao\u00fbt, sortie de l\u2019ouvrage <strong><span class=\"has-inline-color has-pale-cyan-blue-color\">365 Pens\u00e9es d\u2019\u00c9veil, Libert\u00e9 &amp; Amour<\/span><\/strong> <em>(illustration et graphisme) <\/em>aux <strong><mark style=\"background-color:rgba(0, 0, 0, 0);color:#664455\" class=\"has-inline-color\"><strong><mark style=\"background-color:rgba(0, 0, 0, 0);color:#997788\" class=\"has-inline-color\">\u00c9ditions Terre de Lumi\u00e8re<\/mark><\/strong><\/mark><\/strong><\/li>\n<\/ul>\n\n\n\n<h4 class=\"wp-block-heading\"><em>Mai<\/em><\/h4>\n\n\n\n<ul class=\"wp-block-list\">\n<li>23 mai 20h, 24 mai 18h et 25 mai 14h, <strong><span style=\"color:#f29898\" class=\"has-inline-color\">Juste \u00e0 c\u00f4t\u00e9<\/span><\/strong> <em>(danse) <\/em>spectacle cr\u00e9\u00e9 par Manu Bacquart avec l\u2019Oiseau Lyre, au <strong><mark style=\"background-color:rgba(0, 0, 0, 0);color:#664455\" class=\"has-inline-color\"><strong><mark style=\"background-color:rgba(0, 0, 0, 0);color:#664455\" class=\"has-inline-color\"><strong><mark style=\"background-color:rgba(0, 0, 0, 0);color:#997788\" class=\"has-inline-color\">Pacbo<\/mark><\/strong><\/mark><\/strong><\/mark><\/strong> \u2013 Orchies (59310)<\/li>\n<\/ul>\n\n\n\n<h4 class=\"wp-block-heading\"><em>Avril<\/em><\/h4>\n\n\n\n<ul class=\"wp-block-list\">\n<li>18 avril, <strong><span style=\"color:#70a4ff\" class=\"has-inline-color\">La fille qui \u00e9tait toujours press\u00e9e<\/span><\/strong> <em>(conte)<\/em> \u2013 <mark style=\"background-color:rgba(0, 0, 0, 0);color:#664455\" class=\"has-inline-color\"><strong><strong><mark style=\"background-color:rgba(0, 0, 0, 0);color:#997788\" class=\"has-inline-color\">Internet<\/mark><\/strong><\/strong><\/mark><\/li>\n<\/ul>\n\n\n\n<h2 class=\"wp-block-heading\"><strong>2014<\/strong><\/h2>\n\n\n\n<h4 class=\"wp-block-heading\"><em>Octobre<\/em><\/h4>\n\n\n\n<ul class=\"wp-block-list\">\n<li>10 octobre, <strong><mark style=\"background-color:rgba(0, 0, 0, 0);color:#e051d0\" class=\"has-inline-color\">L\u2019Appel de la Sylphe<\/mark><\/strong> <em>(illustration)<\/em> \u2013 <mark style=\"background-color:rgba(0, 0, 0, 0);color:#664455\" class=\"has-inline-color\"><strong><strong><mark style=\"background-color:rgba(0, 0, 0, 0);color:#997788\" class=\"has-inline-color\">Internet<\/mark><\/strong><\/strong><\/mark><\/li>\n<\/ul>\n\n\n\n<h4 class=\"wp-block-heading\"><em>Septembre<\/em><\/h4>\n\n\n\n<ul class=\"wp-block-list\">\n<li>de septembre 2013 \u00e0 septembre 2014, tenue du blog philo <strong><span style=\"color:#70a4ff\" class=\"has-inline-color\">All\u00f4 Ici Sophia&nbsp;?<\/span><\/strong> <em>(illustrations, \u00e9crit, bande dessin\u00e9e, r\u00e9flexions)<\/em> \u2013 <mark style=\"background-color:rgba(0, 0, 0, 0);color:#664455\" class=\"has-inline-color\"><strong><strong><mark style=\"background-color:rgba(0, 0, 0, 0);color:#997788\" class=\"has-inline-color\">Internet<\/mark><\/strong><\/strong><\/mark><\/li>\n<\/ul>\n\n\n\n<h2 class=\"wp-block-heading\"><strong>2013<\/strong><\/h2>\n\n\n\n<h4 class=\"wp-block-heading\"><em>D\u00e9cembre<\/em><\/h4>\n\n\n\n<ul class=\"wp-block-list\">\n<li>de ao\u00fbt 2009 \u00e0 d\u00e9cembre 2013, tenue du blog <strong><mark style=\"background-color:rgba(0, 0, 0, 0);color:#e051d0\" class=\"has-inline-color\">Pourtant je ne suis pas blonde<\/mark><\/strong> <em>(illustrations et bandes dessin\u00e9es)<\/em> \u2013 <mark style=\"background-color:rgba(0, 0, 0, 0);color:#664455\" class=\"has-inline-color\"><strong><strong><mark style=\"background-color:rgba(0, 0, 0, 0);color:#997788\" class=\"has-inline-color\">Internet<\/mark><\/strong><\/strong><\/mark><\/li>\n<\/ul>\n\n\n\n<h4 class=\"wp-block-heading\"><em>Novembre<\/em><\/h4>\n\n\n\n<ul class=\"wp-block-list\">\n<li>24 novembre, <strong><mark style=\"background-color:rgba(0, 0, 0, 0);color:#e051d0\" class=\"has-inline-color\">Jellyfish<\/mark><\/strong> <em>(illustration et slam)<\/em>, <strong><mark style=\"background-color:rgba(0, 0, 0, 0);color:#997788\" class=\"has-inline-color\">Machballah Tea Time<\/mark><\/strong> \u2013 webzine<\/li>\n\n\n\n<li>23 novembre, <strong><span style=\"color:#a568e2\" class=\"has-inline-color\">Z\u00e9f\u2019hir<\/span><\/strong> <em>(exposition)<\/em>, vente aux ench\u00e8res pour financer les recherches sur les maladies g\u00e9n\u00e9tiques rares \u00e0 <strong><mark style=\"background-color:rgba(0, 0, 0, 0);color:#997788\" class=\"has-inline-color\">Oc\u00e9anopolis<\/mark><\/strong> \u2013 Brest (29200)<\/li>\n<\/ul>\n\n\n\n<h4 class=\"wp-block-heading\"><em>Mai<\/em><\/h4>\n\n\n\n<ul class=\"wp-block-list\">\n<li>18 mai 18h et 19 mai 17h, <strong><span style=\"color:#f29898\" class=\"has-inline-color\">Sage et Fou<\/span><\/strong> <em>(danse)<\/em> spectacle cr\u00e9\u00e9 par Manu Bacquart avec l\u2019Oiseau Lyre, au <strong><mark style=\"background-color:rgba(0, 0, 0, 0);color:#664455\" class=\"has-inline-color\"><strong><mark style=\"background-color:rgba(0, 0, 0, 0);color:#664455\" class=\"has-inline-color\"><strong><mark style=\"background-color:rgba(0, 0, 0, 0);color:#997788\" class=\"has-inline-color\">Pacbo<\/mark><\/strong><\/mark><\/strong><\/mark><\/strong> \u2013 Orchies (59310)<\/li>\n<\/ul>\n\n\n\n<h4 class=\"wp-block-heading\"><em>F\u00e9vrier<\/em><\/h4>\n\n\n\n<ul class=\"wp-block-list\">\n<li>23 f\u00e9vrier, <span style=\"color:#a568e2\" class=\"has-inline-color\"><strong>D\u00e9dicaces<\/strong> de <strong>Le Plus Vieux M\u00e9tier du Monde&nbsp;?<\/strong><\/span> <em>(illustration)<\/em> au <strong><mark style=\"background-color:rgba(0, 0, 0, 0);color:#997788\" class=\"has-inline-color\">Cultura<\/mark><\/strong> du centre commercial Heron Park \u2013 Villeneuve d\u2019Ascq (59650)<\/li>\n\n\n\n<li>sortie du livre <strong><mark style=\"background-color:rgba(0, 0, 0, 0);color:#e051d0\" class=\"has-inline-color\">Le Plus Vieux M\u00e9tier du Monde&nbsp;?<\/mark><\/strong><em><mark style=\"background-color:rgba(0, 0, 0, 0);color:#e051d0\" class=\"has-inline-color\"><span style=\"color:#70a4ff\" class=\"has-inline-color\"><\/span><\/mark> <span class=\"has-inline-color has-black-color\">(i<\/span>llustrations et bandes dessin\u00e9es) <\/em>aux <strong><mark style=\"background-color:rgba(0, 0, 0, 0);color:#997788\" class=\"has-inline-color\">\u00c9ditions Les Points sur les i<\/mark><\/strong><\/li>\n<\/ul>\n\n\n\n<h2 class=\"wp-block-heading\"><strong>2012<\/strong><\/h2>\n\n\n\n<h4 class=\"wp-block-heading\"><em>Ao\u00fbt<\/em><\/h4>\n\n\n\n<ul class=\"wp-block-list\">\n<li>15 ao\u00fbt, <strong><mark style=\"background-color:rgba(0, 0, 0, 0);color:#e051d0\" class=\"has-inline-color\">Belle \u00e0 en Crever<\/mark><\/strong> <em>(illustration et texte)<\/em>, <strong><mark style=\"background-color:rgba(0, 0, 0, 0);color:#664455\" class=\"has-inline-color\"><strong><mark style=\"background-color:rgba(0, 0, 0, 0);color:#997788\" class=\"has-inline-color\">Machballah Tea Time<\/mark><\/strong><\/mark><\/strong> \u2013 webzine<\/li>\n<\/ul>\n\n\n\n<h4 class=\"wp-block-heading\"><em>Juillet<\/em><\/h4>\n\n\n\n<ul class=\"wp-block-list\">\n<li>27 juillet, <strong><mark style=\"background-color:rgba(0, 0, 0, 0);color:#e051d0\" class=\"has-inline-color\">Femme-ose<\/mark><\/strong> <em>(illustration)<\/em> inspir\u00e9e de la chanson <em>Glory Box<\/em> de Portishead, <strong><mark style=\"background-color:rgba(0, 0, 0, 0);color:#664455\" class=\"has-inline-color\"><strong><mark style=\"background-color:rgba(0, 0, 0, 0);color:#997788\" class=\"has-inline-color\">Machballah Tea Time<\/mark><\/strong><\/mark><\/strong> \u2013 webzine<\/li>\n\n\n\n<li>d\u00e9but de <strong><mark style=\"background-color:rgba(0, 0, 0, 0);color:#e051d0\" class=\"has-inline-color\">collaboration aux webzines<\/mark><\/strong> <strong><mark style=\"background-color:rgba(0, 0, 0, 0);color:#664455\" class=\"has-inline-color\"><strong><mark style=\"background-color:rgba(0, 0, 0, 0);color:#997788\" class=\"has-inline-color\">Machballah Tea Time<\/mark><\/strong><\/mark><\/strong>, <strong><mark style=\"background-color:rgba(0, 0, 0, 0);color:#997788\" class=\"has-inline-color\">Les Moutons Noirs<\/mark><\/strong> et <strong><mark style=\"background-color:rgba(0, 0, 0, 0);color:#997788\" class=\"has-inline-color\">Infos Ado<\/mark><\/strong> <em>(illustrations et bandes dessin\u00e9es)<\/em><\/li>\n<\/ul>\n\n\n\n<h4 class=\"wp-block-heading\"><em>Avril<\/em><\/h4>\n\n\n\n<ul class=\"wp-block-list\">\n<li>D\u00e9but de l\u2019<strong><mark style=\"background-color:rgba(0, 0, 0, 0);color:#a568e2\" class=\"has-inline-color\">Exposition itin\u00e9rante \u00ab\u00a0En parler n\u2019est pas un crime\u00a0\u00bb<\/mark><\/strong><em> (illustrations et graphisme) <\/em>par l\u2019<strong><mark style=\"background-color:rgba(0, 0, 0, 0);color:#997788\" class=\"has-inline-color\">Association Le Monde \u00e0 Travers un Regard<\/mark><\/strong><\/li>\n<\/ul>\n\n\n\n<h4 class=\"wp-block-heading\"><em>Mars<\/em><\/h4>\n\n\n\n<ul class=\"wp-block-list\">\n<li>sortie du livre <strong><mark style=\"background-color:rgba(0, 0, 0, 0);color:#e051d0\" class=\"has-inline-color\">Rien Vu Rien Entendu<\/mark><\/strong><em> (illustrations et bande dessin\u00e9e) <\/em>aux <strong><mark style=\"background-color:rgba(0, 0, 0, 0);color:#664455\" class=\"has-inline-color\"><strong><mark style=\"background-color:rgba(0, 0, 0, 0);color:#997788\" class=\"has-inline-color\">\u00c9ditions Les Points sur les i<\/mark><\/strong><\/mark><\/strong><\/li>\n<\/ul>\n\n\n\n<h2 class=\"wp-block-heading\"><strong>2011<\/strong><\/h2>\n\n\n\n<h4 class=\"wp-block-heading\"><em>Octobre<\/em><\/h4>\n\n\n\n<ul class=\"wp-block-list\">\n<li>sortie du livret <strong><mark style=\"background-color:rgba(0, 0, 0, 0);color:#e051d0\" class=\"has-inline-color\">Signaux d\u2019Alerte et Phrases Assassines<\/mark><\/strong><em> (illustrations et graphisme) <\/em>par l\u2019<strong><mark style=\"background-color:rgba(0, 0, 0, 0);color:#664455\" class=\"has-inline-color\"><strong><mark style=\"background-color:rgba(0, 0, 0, 0);color:#997788\" class=\"has-inline-color\">Association Le Monde \u00e0 Travers un Regard<\/mark><\/strong><\/mark><\/strong><\/li>\n<\/ul>\n\n\n\n<p><\/p>\n","protected":false},"excerpt":{"rendered":"<p>Voici un agenda non-exhaustif de mes activit\u00e9s(l\u00e9gende : exposition, illustration, spectacle live, enregistrement, graphisme, atelier\/stage, boutique) Pour \u00eatre tenu.e au courant de mes activit\u00e9s, vous pouvez \u00e9galement vous abonner \u00e0 ma newsletter, dans laquelle vous trouverez aussi d&rsquo;autres informations et partages ! 2026 Ao\u00fbt Juillet Juin Mai Avril Mars Janvier 2025 D\u00e9cembre Novembre Septembre Juillet &hellip; <\/p>\n","protected":false},"author":1,"featured_media":332,"parent":0,"menu_order":0,"comment_status":"closed","ping_status":"closed","template":"","meta":{"jetpack_post_was_ever_published":false,"footnotes":""},"class_list":["post-40","page","type-page","status-publish","has-post-thumbnail","hentry"],"jetpack_sharing_enabled":true,"_links":{"self":[{"href":"https:\/\/lebulbeaplumes.art\/index.php\/wp-json\/wp\/v2\/pages\/40","targetHints":{"allow":["GET"]}}],"collection":[{"href":"https:\/\/lebulbeaplumes.art\/index.php\/wp-json\/wp\/v2\/pages"}],"about":[{"href":"https:\/\/lebulbeaplumes.art\/index.php\/wp-json\/wp\/v2\/types\/page"}],"author":[{"embeddable":true,"href":"https:\/\/lebulbeaplumes.art\/index.php\/wp-json\/wp\/v2\/users\/1"}],"replies":[{"embeddable":true,"href":"https:\/\/lebulbeaplumes.art\/index.php\/wp-json\/wp\/v2\/comments?post=40"}],"version-history":[{"count":62,"href":"https:\/\/lebulbeaplumes.art\/index.php\/wp-json\/wp\/v2\/pages\/40\/revisions"}],"predecessor-version":[{"id":5190,"href":"https:\/\/lebulbeaplumes.art\/index.php\/wp-json\/wp\/v2\/pages\/40\/revisions\/5190"}],"wp:featuredmedia":[{"embeddable":true,"href":"https:\/\/lebulbeaplumes.art\/index.php\/wp-json\/wp\/v2\/media\/332"}],"wp:attachment":[{"href":"https:\/\/lebulbeaplumes.art\/index.php\/wp-json\/wp\/v2\/media?parent=40"}],"curies":[{"name":"wp","href":"https:\/\/api.w.org\/{rel}","templated":true}]}}