{"id":1079,"date":"2022-09-22T17:20:35","date_gmt":"2022-09-22T15:20:35","guid":{"rendered":"https:\/\/lebulbeaplumes.art\/?page_id=1079"},"modified":"2023-09-23T23:04:23","modified_gmt":"2023-09-23T21:04:23","slug":"creation-de-logo","status":"publish","type":"page","link":"https:\/\/lebulbeaplumes.art\/index.php\/creation-de-logo\/","title":{"rendered":"Cr\u00e9ation de logo"},"content":{"rendered":"\n<blockquote class=\"wp-block-quote is-layout-flow wp-block-quote-is-layout-flow\"><p><small>Je cr\u00e9e votre logo, selon ce que je per\u00e7ois de l&rsquo;essence de votre activit\u00e9.<\/small><\/p><\/blockquote>\n\n\n\n<p>Si vous pr\u00e9f\u00e9rez que je cr\u00e9e votre logo de A \u00e0 Z, c&rsquo;est \u00e9galement possible !<\/p>\n\n\n\n<p>L\u00e0 encore, je vous accompagne dans ce processus de r\u00e9flexions et de cr\u00e9ation \u00e0 travers un v\u00e9ritable travail d\u2019introspection qui nous permettra de trouver les \u00e9l\u00e9ments qui constitueront votre logo. <\/p>\n\n\n\n<p>Je vous ferai ensuite plusieurs propositions esquiss\u00e9es, avec les symboliques que nous aurons d\u00e9finies ensemble. Vous choisirez parmi celles-ci laquelle je retravaillerai pour cr\u00e9er votre logo final.<\/p>\n\n\n\n<p>Nous pouvons \u00e9galement continuer la collaboration en cr\u00e9ant ensemble vos \u00e9l\u00e9ments de communication (carte de visite, carte de correspondance, papier \u00e0 ent\u00eate, stickers, produits d\u00e9riv\u00e9s\u2026).<\/p>\n\n\n\n<p>Voici un aper\u00e7u de plusieurs projets :<\/p>\n\n\n\n<ul class=\"wp-block-list\"><li><strong><em>Magazine Bref<\/em>&#8230; &#8211; Lyc\u00e9e en r\u00e9gion parisienne<\/strong><\/li><\/ul>\n\n\n\n<div class=\"wp-block-jetpack-tiled-gallery aligncenter is-style-rectangular\"><div class=\"tiled-gallery__gallery\"><div class=\"tiled-gallery__row\"><div class=\"tiled-gallery__col\" style=\"flex-basis:46.78601%\"><figure class=\"tiled-gallery__item\"><img decoding=\"async\" srcset=\"https:\/\/i0.wp.com\/lebulbeaplumes.art\/wp-content\/uploads\/2021\/09\/Dessin-1024x869.jpg?strip=info&#038;w=600&#038;ssl=1 600w,https:\/\/i0.wp.com\/lebulbeaplumes.art\/wp-content\/uploads\/2021\/09\/Dessin-1024x869.jpg?strip=info&#038;w=900&#038;ssl=1 900w,https:\/\/i0.wp.com\/lebulbeaplumes.art\/wp-content\/uploads\/2021\/09\/Dessin-1024x869.jpg?strip=info&#038;w=1200&#038;ssl=1 1200w,https:\/\/i0.wp.com\/lebulbeaplumes.art\/wp-content\/uploads\/2021\/09\/Dessin-1024x869.jpg?strip=info&#038;w=1500&#038;ssl=1 1500w,https:\/\/i0.wp.com\/lebulbeaplumes.art\/wp-content\/uploads\/2021\/09\/Dessin-1024x869.jpg?strip=info&#038;w=1800&#038;ssl=1 1800w,https:\/\/i0.wp.com\/lebulbeaplumes.art\/wp-content\/uploads\/2021\/09\/Dessin-1024x869.jpg?strip=info&#038;w=2000&#038;ssl=1 2000w\" alt=\"Caroline Dewaele, cAro - Logo Bref 1\" data-height=\"2173\" data-id=\"299\" data-link=\"https:\/\/lebulbeaplumes.art\/?attachment_id=299\" data-url=\"https:\/\/lebulbeaplumes.art\/wp-content\/uploads\/2021\/09\/Dessin-1024x869.jpg\" data-width=\"2560\" src=\"https:\/\/i0.wp.com\/lebulbeaplumes.art\/wp-content\/uploads\/2021\/09\/Dessin-1024x869.jpg?ssl=1\" data-amp-layout=\"responsive\"\/><\/figure><\/div><div class=\"tiled-gallery__col\" style=\"flex-basis:53.21399%\"><figure class=\"tiled-gallery__item\"><img decoding=\"async\" srcset=\"https:\/\/i1.wp.com\/lebulbeaplumes.art\/wp-content\/uploads\/2021\/09\/LogoBref2.png?strip=info&#038;w=600&#038;ssl=1 600w,https:\/\/i1.wp.com\/lebulbeaplumes.art\/wp-content\/uploads\/2021\/09\/LogoBref2.png?strip=info&#038;w=900&#038;ssl=1 900w,https:\/\/i1.wp.com\/lebulbeaplumes.art\/wp-content\/uploads\/2021\/09\/LogoBref2.png?strip=info&#038;w=1000&#038;ssl=1 1000w\" alt=\"Caroline Dewaele, cAro - Logo Bref\" data-height=\"746\" data-id=\"295\" data-link=\"https:\/\/lebulbeaplumes.art\/?attachment_id=295\" data-url=\"https:\/\/lebulbeaplumes.art\/wp-content\/uploads\/2021\/09\/LogoBref2.png\" data-width=\"1000\" src=\"https:\/\/i1.wp.com\/lebulbeaplumes.art\/wp-content\/uploads\/2021\/09\/LogoBref2.png?ssl=1\" data-amp-layout=\"responsive\"\/><\/figure><\/div><\/div><\/div><\/div>\n\n\n\n<p>En r\u00e9ponse au brief re\u00e7u :<\/p>\n\n\n\n<ul class=\"wp-block-list\"><li>l&rsquo;aspect mixte est montr\u00e9 par le visage des deux adolescents, gar\u00e7on et fille, qui se font miroir. Les deux sont au m\u00eame plan : \u00e9galit\u00e9.<\/li><li>le cercle repr\u00e9sente l&rsquo;unit\u00e9. Il n&rsquo;est pas compl\u00e8tement ferm\u00e9 pour ne pas cr\u00e9er un enfermement, mais laisse de la libert\u00e9 et une respiration.<\/li><li>il joue \u00e9galement sur un aspect yin\/yang, avec au centre deux jeunes visages f\u00e9minin et masculin qui se rencontrent harmonieusement.<\/li><li>des \u00e9claboussures en trames rappellent l\u2019univers des comics, street art et certains mangas. Le style de dessin est \u00e9galement BD\/manga. Cela, alli\u00e9 \u00e0 la police manuscrite du titre, montre que le contenu ne sera pas obligatoirement \u00ab\u00a0s\u00e9rieux\u00a0\u00bb, mais laisse la libert\u00e9 d&rsquo;expression, de styles et montre la proximit\u00e9 des r\u00e9dacteurs avec les lecteurs&#8230; C&rsquo;est un magazine d&rsquo;ados pour les ados.<\/li><\/ul>\n\n\n\n<ul class=\"wp-block-list\"><li><strong><em>Nature EssenCiel<\/em> &#8211; Naturopathie<\/strong><\/li><\/ul>\n\n\n\n<div class=\"wp-block-jetpack-slideshow aligncenter\" data-effect=\"slide\"><div class=\"wp-block-jetpack-slideshow_container swiper-container\"><ul class=\"wp-block-jetpack-slideshow_swiper-wrapper swiper-wrapper\"><li class=\"wp-block-jetpack-slideshow_slide swiper-slide\"><figure><img loading=\"lazy\" decoding=\"async\" width=\"1024\" height=\"267\" alt=\"\" class=\"wp-block-jetpack-slideshow_image wp-image-297\" data-id=\"297\" src=\"https:\/\/lebulbeaplumes.art\/wp-content\/uploads\/2021\/09\/NatureEssenCiel-S_Web-1024x267.png\" srcset=\"https:\/\/lebulbeaplumes.art\/wp-content\/uploads\/2021\/09\/NatureEssenCiel-S_Web-1024x267.png 1024w, https:\/\/lebulbeaplumes.art\/wp-content\/uploads\/2021\/09\/NatureEssenCiel-S_Web-300x78.png 300w, https:\/\/lebulbeaplumes.art\/wp-content\/uploads\/2021\/09\/NatureEssenCiel-S_Web-768x200.png 768w, https:\/\/lebulbeaplumes.art\/wp-content\/uploads\/2021\/09\/NatureEssenCiel-S_Web-1536x401.png 1536w, https:\/\/lebulbeaplumes.art\/wp-content\/uploads\/2021\/09\/NatureEssenCiel-S_Web-230x60.png 230w, https:\/\/lebulbeaplumes.art\/wp-content\/uploads\/2021\/09\/NatureEssenCiel-S_Web-1320x344.png 1320w, https:\/\/lebulbeaplumes.art\/wp-content\/uploads\/2021\/09\/NatureEssenCiel-S_Web-600x157.png 600w, https:\/\/lebulbeaplumes.art\/wp-content\/uploads\/2021\/09\/NatureEssenCiel-S_Web.png 1943w\" sizes=\"(max-width: 1024px) 100vw, 1024px\" \/><\/figure><\/li><li class=\"wp-block-jetpack-slideshow_slide swiper-slide\"><figure><img loading=\"lazy\" decoding=\"async\" width=\"1024\" height=\"854\" alt=\"\" class=\"wp-block-jetpack-slideshow_image wp-image-296\" data-id=\"296\" src=\"https:\/\/lebulbeaplumes.art\/wp-content\/uploads\/2021\/09\/NatureEssenCiel_Web-1024x854.png\" srcset=\"https:\/\/lebulbeaplumes.art\/wp-content\/uploads\/2021\/09\/NatureEssenCiel_Web-1024x854.png 1024w, https:\/\/lebulbeaplumes.art\/wp-content\/uploads\/2021\/09\/NatureEssenCiel_Web-300x250.png 300w, https:\/\/lebulbeaplumes.art\/wp-content\/uploads\/2021\/09\/NatureEssenCiel_Web-768x641.png 768w, https:\/\/lebulbeaplumes.art\/wp-content\/uploads\/2021\/09\/NatureEssenCiel_Web-1536x1281.png 1536w, https:\/\/lebulbeaplumes.art\/wp-content\/uploads\/2021\/09\/NatureEssenCiel_Web-2048x1709.png 2048w, https:\/\/lebulbeaplumes.art\/wp-content\/uploads\/2021\/09\/NatureEssenCiel_Web-72x60.png 72w, https:\/\/lebulbeaplumes.art\/wp-content\/uploads\/2021\/09\/NatureEssenCiel_Web-1320x1101.png 1320w, https:\/\/lebulbeaplumes.art\/wp-content\/uploads\/2021\/09\/NatureEssenCiel_Web-600x501.png 600w\" sizes=\"(max-width: 1024px) 100vw, 1024px\" \/><\/figure><\/li><\/ul><a class=\"wp-block-jetpack-slideshow_button-prev swiper-button-prev swiper-button-white\" role=\"button\"><\/a><a class=\"wp-block-jetpack-slideshow_button-next swiper-button-next swiper-button-white\" role=\"button\"><\/a><a aria-label=\"Pause Slideshow\" class=\"wp-block-jetpack-slideshow_button-pause\" role=\"button\"><\/a><div class=\"wp-block-jetpack-slideshow_pagination swiper-pagination swiper-pagination-white\"><\/div><\/div><\/div>\n\n\n\n<p>Selon le brief re\u00e7u et les motivations de la naturopathe, voici ce j&rsquo;y ai symbolis\u00e9 :<\/p>\n\n\n\n<ul class=\"wp-block-list\"><li>le soleil\/point d\u2019interrogation repr\u00e9sente l\u2019aspect solaire qui am\u00e8ne la lumi\u00e8re \u00e0 la plante pour son processus alchimique, ainsi que le questionnement pour l\u2019\u00eatre humain.<\/li><li>\u0084\u0084la fleur \u00e9panouie repr\u00e9sente la nature ainsi que le c\u0153ur de l\u2019humain qui s\u2019ouvre par ce questionnement.<\/li><li>\u0084\u0084la feuille\/main est l\u2019offrande de la fleur ainsi que celle de l\u2019humain. Cela montre aussi l\u2019aspect distillation avec la goutte qui s\u2019en \u00e9chappe (aspect \u00ab\u00a0Essence\u00a0\u00bb).<\/li><li>\u0084\u0084le texte est l\u00e9ger (aspect \u00ab\u00a0Ciel\u00a0\u00bb) mais aussi stable, avec des \u00ab traits \u00bb au d\u00e9but du N et \u00e0 la fin du L qui symbolisent les racines et la stabilit\u00e9 (aspect \u00ab\u00a0Nature\u00a0\u00bb)<\/li><li>\u0084\u0084la spirale du bas de la plante montre le mouvement d\u2019\u00e9nergie qu\u2019elle puise dans la terre, ainsi que l\u2019\u00e9volution humaine.<\/li><li>\u0084\u0084le papillon est l\u2019\u00eatre humain qui se r\u00e9v\u00e8le et se lib\u00e8re, gr\u00e2ce, notamment, \u00e0 la Naturopathie.<\/li><\/ul>\n\n\n\n<h2 class=\"wp-block-heading\">Tarifs<\/h2>\n\n\n\n<p>Pour avoir une id\u00e9e des tarifs que je pratique, je vous invite \u00e0 lire ces deux articles :<\/p>\n\n\n\n<ul class=\"wp-block-list\"><li><a rel=\"noreferrer noopener\" href=\"https:\/\/lebulbeaplumes.art\/index.php\/2022\/08\/10\/troc-echange-prix-libre-prix-conscient-tarif-fixe-don\/\" data-type=\"URL\" data-id=\"https:\/\/lebulbeaplumes.art\/index.php\/2022\/08\/10\/troc-echange-prix-libre-prix-conscient-tarif-fixe-don\/\" target=\"_blank\">Troc, \u00e9change, prix libre et conscient&#8230;<\/a><\/li><li><a rel=\"noreferrer noopener\" href=\"https:\/\/lebulbeaplumes.art\/index.php\/2023\/09\/21\/mes-tarifs\/\" data-type=\"URL\" data-id=\"https:\/\/lebulbeaplumes.art\/index.php\/2023\/09\/21\/mes-tarifs\/\" target=\"_blank\">Mes tarifs<\/a><\/li><\/ul>\n","protected":false},"excerpt":{"rendered":"<p>Je cr\u00e9e votre logo, selon ce que je per\u00e7ois de l&rsquo;essence de votre activit\u00e9. Si vous pr\u00e9f\u00e9rez que je cr\u00e9e votre logo de A \u00e0 Z, c&rsquo;est \u00e9galement possible ! L\u00e0 encore, je vous accompagne dans ce processus de r\u00e9flexions et de cr\u00e9ation \u00e0 travers un v\u00e9ritable travail d\u2019introspection qui nous permettra de trouver les &hellip; <\/p>\n","protected":false},"author":1,"featured_media":0,"parent":0,"menu_order":0,"comment_status":"closed","ping_status":"closed","template":"","meta":{"jetpack_post_was_ever_published":false,"footnotes":""},"class_list":["post-1079","page","type-page","status-publish","hentry"],"jetpack_sharing_enabled":true,"_links":{"self":[{"href":"https:\/\/lebulbeaplumes.art\/index.php\/wp-json\/wp\/v2\/pages\/1079","targetHints":{"allow":["GET"]}}],"collection":[{"href":"https:\/\/lebulbeaplumes.art\/index.php\/wp-json\/wp\/v2\/pages"}],"about":[{"href":"https:\/\/lebulbeaplumes.art\/index.php\/wp-json\/wp\/v2\/types\/page"}],"author":[{"embeddable":true,"href":"https:\/\/lebulbeaplumes.art\/index.php\/wp-json\/wp\/v2\/users\/1"}],"replies":[{"embeddable":true,"href":"https:\/\/lebulbeaplumes.art\/index.php\/wp-json\/wp\/v2\/comments?post=1079"}],"version-history":[{"count":2,"href":"https:\/\/lebulbeaplumes.art\/index.php\/wp-json\/wp\/v2\/pages\/1079\/revisions"}],"predecessor-version":[{"id":2242,"href":"https:\/\/lebulbeaplumes.art\/index.php\/wp-json\/wp\/v2\/pages\/1079\/revisions\/2242"}],"wp:attachment":[{"href":"https:\/\/lebulbeaplumes.art\/index.php\/wp-json\/wp\/v2\/media?parent=1079"}],"curies":[{"name":"wp","href":"https:\/\/api.w.org\/{rel}","templated":true}]}}